{"id":16027,"date":"2025-08-25T14:25:46","date_gmt":"2025-08-25T12:25:46","guid":{"rendered":"https:\/\/autopoint.hu\/car\/mercedes-benz-s-580-4matic-maybach-brabus-b40s-600"},"modified":"2025-12-03T11:05:47","modified_gmt":"2025-12-03T10:05:47","slug":"mercedes-benz-s-580-4matic-maybach-brabus-b40s-600","status":"publish","type":"car","link":"https:\/\/autopoint.hu\/de\/car\/mercedes-benz-s-580-4matic-maybach-brabus-b40s-600","title":{"rendered":"Mercedes-Benz S 580 4Matic Maybach BRABUS B40S-600"},"content":{"rendered":"\n<p>BRABUS Paket<\/p>\n\n\n\n<ul class=\"wp-block-list\">\n<li>BRABUS ZERTIFIKAT<\/li>\n\n\n\n<li>BRABUS PowerXtra B40S-600<\/li>\n\n\n\n<li>BRABUS Monoblock M \u201ePlatinum Edition\u201c Schmieder\u00e4der \u2013 schwarz gl\u00e4nzend \/ vollfl\u00e4chig poliert<\/li>\n\n\n\n<li>BRABUS Frontspoiler<\/li>\n\n\n\n<li>BRABUS Frontsch\u00fcrzenaufs\u00e4tze<\/li>\n\n\n\n<li>BRABUS Heckdiffusor<\/li>\n\n\n\n<li>BRABUS Schriftzug am Heckdeckel<\/li>\n\n\n\n<li>BRABUS Embleme an Motorhaube und Heckdeckel<\/li>\n\n\n\n<li>BRABUS Pedalauflagen aus Aluminium<\/li>\n\n\n\n<li>BRABUS Einstiegsleisten beleuchtet (RGB)<\/li>\n\n\n\n<li>BRABUS Fu\u00dfmatten<\/li>\n<\/ul>\n\n\n\n<p>Interieur &amp; Komfort<\/p>\n\n\n\n<ul class=\"wp-block-list\">\n<li>Leder Exklusiv Nappa in Orange<\/li>\n\n\n\n<li>Aktive Ambientebeleuchtung<\/li>\n\n\n\n<li>Ausstattungspaket USB Plus<\/li>\n\n\n\n<li>Energizing Komfort im Fond<\/li>\n\n\n\n<li>Sitzkomfort-Paket Fond<\/li>\n\n\n\n<li>Sitzklimatisierung im Fond<\/li>\n\n\n\n<li>Sitzheizung Plus hinten<\/li>\n\n\n\n<li>Energizing Komfort vorne<\/li>\n\n\n\n<li>W\u00e4rme-Komfort-Paket<\/li>\n\n\n\n<li>T\u00fcrarmlehnen vorne heizbar<\/li>\n\n\n\n<li>Lenkrad heizbar<\/li>\n\n\n\n<li>Multikontursitz-Paket Aktiv<\/li>\n\n\n\n<li>Air-Balance-Paket<\/li>\n\n\n\n<li>Sitzklimatisierung vorne<\/li>\n\n\n\n<li>Sitzheizung Plus vorne<\/li>\n\n\n\n<li>Auto-Telefonie (Telefonmodul Bluetooth)<\/li>\n\n\n\n<li>Business-Telefonie im Fond<\/li>\n\n\n\n<li>Diebstahlschutz-Paket Plus<\/li>\n\n\n\n<li>Diebstahl-Warnanlage mit Innenraumabsicherung und Abschleppschutz<\/li>\n\n\n\n<li>Digital Light<\/li>\n\n\n\n<li>Exklusiv-Paket<\/li>\n\n\n\n<li>Zierteile Exklusiv (erweiterter Umfang)<\/li>\n\n\n\n<li>Frontscheibe heizbar<\/li>\n\n\n\n<li>Hinterachslenkung mit 4,5\u00b0 Lenkwinkelanpassung<\/li>\n\n\n\n<li>designo manufaktur Klavierlack \u201eflowing lines\u201c<\/li>\n\n\n\n<li>Innenhimmel designo Dinamica<\/li>\n\n\n\n<li>K\u00fchlbox in der hinteren Mittelarmlehne<\/li>\n\n\n\n<li>Luftreinigungs-Paket<\/li>\n\n\n\n<li>Multifunktions-Telefonie<\/li>\n\n\n\n<li>MBUX High-End Entertainment im Fond<\/li>\n\n\n\n<li>Park-Paket Remote<\/li>\n\n\n\n<li>Sender f\u00fcr Garagentor\u00f6ffner (integriert)<\/li>\n\n\n\n<li>MBUX Augmented Reality Head-up-Display<\/li>\n\n\n\n<li>3D Fahrer-Display<\/li>\n\n\n\n<li>MBUX Interieur-Assistent (Gestensteuerung vorne und im Fond)<\/li>\n\n\n\n<li>Wadenmassage im Fond<\/li>\n\n\n\n<li>Sonderlackierung: designo Diamant-Wei\u00df Bright<\/li>\n\n\n\n<li>TV-Tuner<\/li>\n\n\n\n<li>Vorr\u00fcstung f\u00fcr Intelligent Park Pilot<\/li>\n\n\n\n<li>Zusatzheizung (Standheizung)<\/li>\n\n\n\n<li>Adaptives Scheibenwischersystem (Magic Vision Control), beheizt<\/li>\n<\/ul>\n\n\n\n<p>Sicherheit &amp; Fahrassistenz<\/p>\n\n\n\n<ul class=\"wp-block-list\">\n<li>Fahrer- und Beifahrerairbag<\/li>\n\n\n\n<li>Fondairbag<\/li>\n\n\n\n<li>AIRMATIC DC \/ Air Body Control (Luftfederung)<\/li>\n\n\n\n<li>Anti-Blockier-System (ABS)<\/li>\n\n\n\n<li>Au\u00dfenspiegel mit Umfeldbeleuchtung und Projektionsfunktion<\/li>\n\n\n\n<li>Beckenairbags vorne (Pelvisbag)<\/li>\n\n\n\n<li>Chauffeur-Paket<\/li>\n\n\n\n<li>Komfort-Kopfst\u00fctzen vorne (Easy Adjust)<\/li>\n\n\n\n<li>PRE-SAFE System Impuls<\/li>\n\n\n\n<li>DAB-Tuner (Digitalradio)<\/li>\n\n\n\n<li>Design-Gurtschl\u00f6sser<\/li>\n\n\n\n<li>Easy-Entry Funktion<\/li>\n\n\n\n<li>Einstiegsleisten beleuchtet<\/li>\n\n\n\n<li>Elektronisches Stabilit\u00e4tsprogramm (ESP)<\/li>\n\n\n\n<li>Executive-Sitze<\/li>\n\n\n\n<li>Fahrassistenz-Paket<\/li>\n\n\n\n<li>Totwinkel-Assistent aktiv<\/li>\n\n\n\n<li>Tempomat mit Abstandsregelung \/ DISTRONIC PLUS<\/li>\n\n\n\n<li>PRE-SAFE Plus und PRE-SAFE Impuls Seite<\/li>\n\n\n\n<li>Aktiver Bremsassistent<\/li>\n\n\n\n<li>Aktiver Spurhalteassistent<\/li>\n\n\n\n<li>Aktiver Lenk-Assistent<\/li>\n\n\n\n<li>AGILITY SELECT \/ DYNAMIC SELECT (Fahrmodi)<\/li>\n\n\n\n<li>ATTENTION ASSIST (M\u00fcdigkeitserkennung)<\/li>\n\n\n\n<li>Seitenwind-Assistent<\/li>\n\n\n\n<li>Verkehrszeichenerkennung<\/li>\n<\/ul>\n\n\n\n<p>Technologie &amp; Ausstattung<\/p>\n\n\n\n<ul class=\"wp-block-list\">\n<li>Elektrische Fensterheber vorne und hinten<\/li>\n\n\n\n<li>9-Gang Automatikgetriebe<\/li>\n\n\n\n<li>LED-Heckleuchten<\/li>\n\n\n\n<li>Hecksch\u00fcrze<\/li>\n\n\n\n<li>Induktionsladeschale f\u00fcr Smartphone vorne und im Fond<\/li>\n\n\n\n<li>Remote Services Premium<\/li>\n\n\n\n<li>Innen- und linker Au\u00dfenspiegel automatisch abblendend<\/li>\n\n\n\n<li>KEYLESS-GO Startfunktion und Zentralverriegelung<\/li>\n\n\n\n<li>Klimatisierung im Fond<\/li>\n\n\n\n<li>Klimaautomatik (THERMOTRONIC)<\/li>\n\n\n\n<li>Kommunikationsmodul (LTE) f\u00fcr Mercedes me connect<\/li>\n\n\n\n<li>Vergr\u00f6\u00dferter Kraftstofftank<\/li>\n\n\n\n<li>Laderaum-Paket (inkl. Durchladeeinrichtung)<\/li>\n\n\n\n<li>Fernentriegelung Heckdeckel<\/li>\n\n\n\n<li>Automatisches \u00d6ffnen\/Schlie\u00dfen Heckdeckel (Hands-Free Access)<\/li>\n\n\n\n<li>Lenkrad in Nappa-Leder<\/li>\n\n\n\n<li>Multifunktionslenkrad<\/li>\n\n\n\n<li>Lufteinlassgitter schwarz hochgl\u00e4nzend<\/li>\n\n\n\n<li>Memory-Paket<\/li>\n\n\n\n<li>Mercedes-Benz Notrufsystem<\/li>\n\n\n\n<li>Mittelkonsole in Glasoptik, schwarz<\/li>\n\n\n\n<li>Multimediasystem Connect 20 Premium<\/li>\n\n\n\n<li>MBUX Fond-Tablet und Entertainment<\/li>\n\n\n\n<li>MBUX Navigationssystem mit Festplatte<\/li>\n\n\n\n<li>Otto-Partikelfilter (OPF)<\/li>\n\n\n\n<li>Panorama-Schiebedach<\/li>\n\n\n\n<li>Reifendruck-Kontrollsystem<\/li>\n\n\n\n<li>Abgasnorm Euro 6d<\/li>\n\n\n\n<li>Seitenairbags vorne<\/li>\n\n\n\n<li>Abgedunkelte Heck- und Seitenscheiben<\/li>\n\n\n\n<li>Fingerabdruck-Scanner f\u00fcr MBUX<\/li>\n\n\n\n<li>MBUX Augmented Reality f\u00fcr Navigation<\/li>\n\n\n\n<li>MBUX Navigation Premium<\/li>\n\n\n\n<li>Servolenkung<\/li>\n\n\n\n<li>Servoschlie\u00dfung f\u00fcr T\u00fcren<\/li>\n\n\n\n<li>Sitzbank im Fond mit elektrisch verstellbaren Au\u00dfensitzen (inkl. PRE-SAFE)<\/li>\n\n\n\n<li>Sitzheizung und -klimatisierung vorne und hinten<\/li>\n\n\n\n<li>Smartphone-Integration<\/li>\n\n\n\n<li>Sonnenschutz-Paket<\/li>\n\n\n\n<li>Doppel-Sonnenblenden (ausziehbar und schwenkbar)<\/li>\n\n\n\n<li>Soundsystem mit Soundpersonalisierung<\/li>\n\n\n\n<li>Burmester Surround-Soundsystem<\/li>\n\n\n\n<li>Verbundglas, w\u00e4rmed\u00e4mmend und infrarot-reflektierend<\/li>\n\n\n\n<li>Zentrales OLED-Display<\/li>\n<\/ul>\n","protected":false},"featured_media":16025,"template":"","car-category":[5],"class_list":["post-16027","car","type-car","status-publish","has-post-thumbnail","hentry","car-category-mercedes-benz"],"acf":[],"yoast_head":"<!-- This site is optimized with the Yoast SEO Premium plugin v27.4 (Yoast SEO v27.4) - https:\/\/yoast.com\/product\/yoast-seo-premium-wordpress\/ -->\n<title>Mercedes-Benz S 580 4Matic Maybach BRABUS B40S-600 - Autopoint Budapest<\/title>\n<meta name=\"robots\" content=\"index, follow, max-snippet:-1, max-image-preview:large, max-video-preview:-1\" \/>\n<link rel=\"canonical\" href=\"https:\/\/autopoint.hu\/de\/car\/mercedes-benz-s-580-4matic-maybach-brabus-b40s-600\" \/>\n<meta property=\"og:locale\" content=\"de_DE\" \/>\n<meta property=\"og:type\" content=\"article\" \/>\n<meta property=\"og:title\" content=\"Mercedes-Benz S 580 4Matic Maybach BRABUS B40S-600\" \/>\n<meta property=\"og:description\" content=\"BRABUS Paket Interieur &amp; Komfort Sicherheit &amp; Fahrassistenz Technologie &amp; Ausstattung\" \/>\n<meta property=\"og:url\" content=\"https:\/\/autopoint.hu\/de\/car\/mercedes-benz-s-580-4matic-maybach-brabus-b40s-600\" \/>\n<meta property=\"og:site_name\" content=\"Autopoint Budapest\" \/>\n<meta property=\"article:publisher\" content=\"https:\/\/www.facebook.com\/autopointbudapest\" \/>\n<meta property=\"article:modified_time\" content=\"2025-12-03T10:05:47+00:00\" \/>\n<meta property=\"og:image\" content=\"https:\/\/autopoint.hu\/wp-content\/uploads\/2025\/06\/DSC04251-1-scaled.jpg\" \/>\n\t<meta property=\"og:image:width\" content=\"2560\" \/>\n\t<meta property=\"og:image:height\" content=\"1920\" \/>\n\t<meta property=\"og:image:type\" content=\"image\/jpeg\" \/>\n<meta name=\"twitter:card\" content=\"summary_large_image\" \/>\n<meta name=\"twitter:label1\" content=\"Gesch\u00e4tzte Lesezeit\" \/>\n\t<meta name=\"twitter:data1\" content=\"3\u00a0Minuten\" \/>\n<script type=\"application\/ld+json\" class=\"yoast-schema-graph\">{\"@context\":\"https:\\\/\\\/schema.org\",\"@graph\":[{\"@type\":\"WebPage\",\"@id\":\"https:\\\/\\\/autopoint.hu\\\/de\\\/car\\\/mercedes-benz-s-580-4matic-maybach-brabus-b40s-600\",\"url\":\"https:\\\/\\\/autopoint.hu\\\/de\\\/car\\\/mercedes-benz-s-580-4matic-maybach-brabus-b40s-600\",\"name\":\"Mercedes-Benz S 580 4Matic Maybach BRABUS B40S-600 - Autopoint Budapest\",\"isPartOf\":{\"@id\":\"https:\\\/\\\/autopoint.hu\\\/#website\"},\"primaryImageOfPage\":{\"@id\":\"https:\\\/\\\/autopoint.hu\\\/de\\\/car\\\/mercedes-benz-s-580-4matic-maybach-brabus-b40s-600#primaryimage\"},\"image\":{\"@id\":\"https:\\\/\\\/autopoint.hu\\\/de\\\/car\\\/mercedes-benz-s-580-4matic-maybach-brabus-b40s-600#primaryimage\"},\"thumbnailUrl\":\"https:\\\/\\\/autopoint.hu\\\/wp-content\\\/uploads\\\/2025\\\/06\\\/DSC04251-1-scaled.jpg\",\"datePublished\":\"2025-08-25T12:25:46+00:00\",\"dateModified\":\"2025-12-03T10:05:47+00:00\",\"breadcrumb\":{\"@id\":\"https:\\\/\\\/autopoint.hu\\\/de\\\/car\\\/mercedes-benz-s-580-4matic-maybach-brabus-b40s-600#breadcrumb\"},\"inLanguage\":\"de\",\"potentialAction\":[{\"@type\":\"ReadAction\",\"target\":[\"https:\\\/\\\/autopoint.hu\\\/de\\\/car\\\/mercedes-benz-s-580-4matic-maybach-brabus-b40s-600\"]}]},{\"@type\":\"ImageObject\",\"inLanguage\":\"de\",\"@id\":\"https:\\\/\\\/autopoint.hu\\\/de\\\/car\\\/mercedes-benz-s-580-4matic-maybach-brabus-b40s-600#primaryimage\",\"url\":\"https:\\\/\\\/autopoint.hu\\\/wp-content\\\/uploads\\\/2025\\\/06\\\/DSC04251-1-scaled.jpg\",\"contentUrl\":\"https:\\\/\\\/autopoint.hu\\\/wp-content\\\/uploads\\\/2025\\\/06\\\/DSC04251-1-scaled.jpg\",\"width\":2560,\"height\":1920},{\"@type\":\"BreadcrumbList\",\"@id\":\"https:\\\/\\\/autopoint.hu\\\/de\\\/car\\\/mercedes-benz-s-580-4matic-maybach-brabus-b40s-600#breadcrumb\",\"itemListElement\":[{\"@type\":\"ListItem\",\"position\":1,\"name\":\"Home\",\"item\":\"https:\\\/\\\/autopoint.hu\\\/de\"},{\"@type\":\"ListItem\",\"position\":2,\"name\":\"Cars\",\"item\":\"https:\\\/\\\/autopoint.hu\\\/keszleten\"},{\"@type\":\"ListItem\",\"position\":3,\"name\":\"Mercedes-Benz S 580 4Matic Maybach BRABUS B40S-600\"}]},{\"@type\":\"WebSite\",\"@id\":\"https:\\\/\\\/autopoint.hu\\\/#website\",\"url\":\"https:\\\/\\\/autopoint.hu\\\/\",\"name\":\"Autopoint Budapest\",\"description\":\"\",\"publisher\":{\"@id\":\"https:\\\/\\\/autopoint.hu\\\/#organization\"},\"alternateName\":\"Autopoint Budapest\",\"potentialAction\":[{\"@type\":\"SearchAction\",\"target\":{\"@type\":\"EntryPoint\",\"urlTemplate\":\"https:\\\/\\\/autopoint.hu\\\/?s={search_term_string}\"},\"query-input\":{\"@type\":\"PropertyValueSpecification\",\"valueRequired\":true,\"valueName\":\"search_term_string\"}}],\"inLanguage\":\"de\"},{\"@type\":\"Organization\",\"@id\":\"https:\\\/\\\/autopoint.hu\\\/#organization\",\"name\":\"Different Quality Kft.\",\"url\":\"https:\\\/\\\/autopoint.hu\\\/\",\"logo\":{\"@type\":\"ImageObject\",\"inLanguage\":\"de\",\"@id\":\"https:\\\/\\\/autopoint.hu\\\/#\\\/schema\\\/logo\\\/image\\\/\",\"url\":\"https:\\\/\\\/autopoint.hu\\\/wp-content\\\/uploads\\\/2024\\\/05\\\/logo-white.svg\",\"contentUrl\":\"https:\\\/\\\/autopoint.hu\\\/wp-content\\\/uploads\\\/2024\\\/05\\\/logo-white.svg\",\"width\":444,\"height\":59,\"caption\":\"Different Quality Kft.\"},\"image\":{\"@id\":\"https:\\\/\\\/autopoint.hu\\\/#\\\/schema\\\/logo\\\/image\\\/\"},\"sameAs\":[\"https:\\\/\\\/www.facebook.com\\\/autopointbudapest\",\"https:\\\/\\\/www.instagram.com\\\/autopoint_budapest\\\/\",\"https:\\\/\\\/www.youtube.com\\\/@autopointbudapest\"]}]}<\/script>\n<!-- \/ Yoast SEO Premium plugin. -->","yoast_head_json":{"title":"Mercedes-Benz S 580 4Matic Maybach BRABUS B40S-600 - Autopoint Budapest","robots":{"index":"index","follow":"follow","max-snippet":"max-snippet:-1","max-image-preview":"max-image-preview:large","max-video-preview":"max-video-preview:-1"},"canonical":"https:\/\/autopoint.hu\/de\/car\/mercedes-benz-s-580-4matic-maybach-brabus-b40s-600","og_locale":"de_DE","og_type":"article","og_title":"Mercedes-Benz S 580 4Matic Maybach BRABUS B40S-600","og_description":"BRABUS Paket Interieur &amp; Komfort Sicherheit &amp; Fahrassistenz Technologie &amp; Ausstattung","og_url":"https:\/\/autopoint.hu\/de\/car\/mercedes-benz-s-580-4matic-maybach-brabus-b40s-600","og_site_name":"Autopoint Budapest","article_publisher":"https:\/\/www.facebook.com\/autopointbudapest","article_modified_time":"2025-12-03T10:05:47+00:00","og_image":[{"width":2560,"height":1920,"url":"https:\/\/autopoint.hu\/wp-content\/uploads\/2025\/06\/DSC04251-1-scaled.jpg","type":"image\/jpeg"}],"twitter_card":"summary_large_image","twitter_misc":{"Gesch\u00e4tzte Lesezeit":"3\u00a0Minuten"},"schema":{"@context":"https:\/\/schema.org","@graph":[{"@type":"WebPage","@id":"https:\/\/autopoint.hu\/de\/car\/mercedes-benz-s-580-4matic-maybach-brabus-b40s-600","url":"https:\/\/autopoint.hu\/de\/car\/mercedes-benz-s-580-4matic-maybach-brabus-b40s-600","name":"Mercedes-Benz S 580 4Matic Maybach BRABUS B40S-600 - Autopoint Budapest","isPartOf":{"@id":"https:\/\/autopoint.hu\/#website"},"primaryImageOfPage":{"@id":"https:\/\/autopoint.hu\/de\/car\/mercedes-benz-s-580-4matic-maybach-brabus-b40s-600#primaryimage"},"image":{"@id":"https:\/\/autopoint.hu\/de\/car\/mercedes-benz-s-580-4matic-maybach-brabus-b40s-600#primaryimage"},"thumbnailUrl":"https:\/\/autopoint.hu\/wp-content\/uploads\/2025\/06\/DSC04251-1-scaled.jpg","datePublished":"2025-08-25T12:25:46+00:00","dateModified":"2025-12-03T10:05:47+00:00","breadcrumb":{"@id":"https:\/\/autopoint.hu\/de\/car\/mercedes-benz-s-580-4matic-maybach-brabus-b40s-600#breadcrumb"},"inLanguage":"de","potentialAction":[{"@type":"ReadAction","target":["https:\/\/autopoint.hu\/de\/car\/mercedes-benz-s-580-4matic-maybach-brabus-b40s-600"]}]},{"@type":"ImageObject","inLanguage":"de","@id":"https:\/\/autopoint.hu\/de\/car\/mercedes-benz-s-580-4matic-maybach-brabus-b40s-600#primaryimage","url":"https:\/\/autopoint.hu\/wp-content\/uploads\/2025\/06\/DSC04251-1-scaled.jpg","contentUrl":"https:\/\/autopoint.hu\/wp-content\/uploads\/2025\/06\/DSC04251-1-scaled.jpg","width":2560,"height":1920},{"@type":"BreadcrumbList","@id":"https:\/\/autopoint.hu\/de\/car\/mercedes-benz-s-580-4matic-maybach-brabus-b40s-600#breadcrumb","itemListElement":[{"@type":"ListItem","position":1,"name":"Home","item":"https:\/\/autopoint.hu\/de"},{"@type":"ListItem","position":2,"name":"Cars","item":"https:\/\/autopoint.hu\/keszleten"},{"@type":"ListItem","position":3,"name":"Mercedes-Benz S 580 4Matic Maybach BRABUS B40S-600"}]},{"@type":"WebSite","@id":"https:\/\/autopoint.hu\/#website","url":"https:\/\/autopoint.hu\/","name":"Autopoint Budapest","description":"","publisher":{"@id":"https:\/\/autopoint.hu\/#organization"},"alternateName":"Autopoint Budapest","potentialAction":[{"@type":"SearchAction","target":{"@type":"EntryPoint","urlTemplate":"https:\/\/autopoint.hu\/?s={search_term_string}"},"query-input":{"@type":"PropertyValueSpecification","valueRequired":true,"valueName":"search_term_string"}}],"inLanguage":"de"},{"@type":"Organization","@id":"https:\/\/autopoint.hu\/#organization","name":"Different Quality Kft.","url":"https:\/\/autopoint.hu\/","logo":{"@type":"ImageObject","inLanguage":"de","@id":"https:\/\/autopoint.hu\/#\/schema\/logo\/image\/","url":"https:\/\/autopoint.hu\/wp-content\/uploads\/2024\/05\/logo-white.svg","contentUrl":"https:\/\/autopoint.hu\/wp-content\/uploads\/2024\/05\/logo-white.svg","width":444,"height":59,"caption":"Different Quality Kft."},"image":{"@id":"https:\/\/autopoint.hu\/#\/schema\/logo\/image\/"},"sameAs":["https:\/\/www.facebook.com\/autopointbudapest","https:\/\/www.instagram.com\/autopoint_budapest\/","https:\/\/www.youtube.com\/@autopointbudapest"]}]}},"_links":{"self":[{"href":"https:\/\/autopoint.hu\/de\/wp-json\/wp\/v2\/car\/16027","targetHints":{"allow":["GET"]}}],"collection":[{"href":"https:\/\/autopoint.hu\/de\/wp-json\/wp\/v2\/car"}],"about":[{"href":"https:\/\/autopoint.hu\/de\/wp-json\/wp\/v2\/types\/car"}],"wp:featuredmedia":[{"embeddable":true,"href":"https:\/\/autopoint.hu\/de\/wp-json\/wp\/v2\/media\/16025"}],"wp:attachment":[{"href":"https:\/\/autopoint.hu\/de\/wp-json\/wp\/v2\/media?parent=16027"}],"wp:term":[{"taxonomy":"car-category","embeddable":true,"href":"https:\/\/autopoint.hu\/de\/wp-json\/wp\/v2\/car-category?post=16027"}],"curies":[{"name":"wp","href":"https:\/\/api.w.org\/{rel}","templated":true}]}}