{"id":18879,"date":"2025-08-12T17:51:30","date_gmt":"2025-08-12T15:51:30","guid":{"rendered":"https:\/\/autopoint.hu\/car\/mercedes-benz-g-63-amg-brabus-800-leather-white-a22-carbon"},"modified":"2025-12-03T11:08:16","modified_gmt":"2025-12-03T10:08:16","slug":"mercedes-benz-g-63-amg-brabus-800-leather-white-a22-carbon","status":"publish","type":"car","link":"https:\/\/autopoint.hu\/de\/car\/mercedes-benz-g-63-amg-brabus-800-leather-white-a22-carbon","title":{"rendered":"MERCEDES-BENZ G 63 AMG Brabus 800 Leather White A22 Carbon"},"content":{"rendered":"\n<p>Fahrzeugbeschreibung<\/p>\n\n\n\n<ul class=\"wp-block-list\">\n<li>BRABUS Zertifikate<\/li>\n\n\n\n<li>BRABUS Leistungskit PowerXtra B40-800 (BR465)<\/li>\n\n\n\n<li>BRABUS Widestar-Karosserie-Kit<\/li>\n\n\n\n<li>BRABUS Klappensportauspuffanlage<\/li>\n\n\n\n<li>BRABUS Dachspoiler Carbon mit LED<\/li>\n\n\n\n<li>BRABUS Motorhaubenaufsatz Carbon<\/li>\n\n\n\n<li>BRABUS Heckfl\u00fcgel Carbon<\/li>\n\n\n\n<li>BRABUS Reserveradabdeckung Carbon<\/li>\n\n\n\n<li>BRABUS 24 Zoll Monoblock ZM<\/li>\n\n\n\n<li>BRABUS Doppel-B Logo Frontgrill<\/li>\n\n\n\n<li>BRABUS beleuchtetes K\u00fchlergrill-Logo<\/li>\n\n\n\n<li>BRABUS Einstiegsbeleuchtung<\/li>\n\n\n\n<li>BRABUS Aluminium-Pedalaufs\u00e4tze<\/li>\n\n\n\n<li>BRABUS T\u00fcrpin<\/li>\n\n\n\n<li>BRABUS Kofferraummatte<\/li>\n\n\n\n<li>BRABUS Fu\u00dfmatten<\/li>\n\n\n\n<li>PDM Lichtsystem<\/li>\n\n\n\n<li>Bremsendesign wei\u00df \/ schwarz<\/li>\n\n\n\n<li>Sitze und Interieur Nappa Leder wei\u00df mit schwarzer Paspelierung<\/li>\n\n\n\n<li>Lenkrad Alcantara \/ Carbon schwarz<\/li>\n\n\n\n<li>Zierelemente aus Carbon<\/li>\n<\/ul>\n\n\n\n<p>AMG Night-Paket<\/p>\n\n\n\n<ul class=\"wp-block-list\">\n<li>AMG-spezifischer K\u00fchlergrill in Dark Chrome<\/li>\n\n\n\n<li>Au\u00dfenspiegelgeh\u00e4use in Obsidianschwarz<\/li>\n\n\n\n<li>Sto\u00dff\u00e4nger-Eins\u00e4tze in Obsidianschwarz<\/li>\n\n\n\n<li>Ersatzradring in Obsidianschwarz lackiert<\/li>\n\n\n\n<li>Abgedunkelte Leuchteinheiten<\/li>\n\n\n\n<li>Optischer Unterfahrschutz in Obsidianschwarz<\/li>\n\n\n\n<li>Komfort-Paket<\/li>\n\n\n\n<li>Temperierter Cupholder<\/li>\n\n\n\n<li>Garagentor\u00f6ffner<\/li>\n\n\n\n<li>Kabelloses Ladesystem f\u00fcr mobile Endger\u00e4te vorn<\/li>\n\n\n\n<li>KEYLESS-GO<\/li>\n<\/ul>\n\n\n\n<p>AMG Night-Paket II<\/p>\n\n\n\n<ul class=\"wp-block-list\">\n<li>AMG Wappen auf der Motorhaube in Dark Chrome<\/li>\n\n\n\n<li>Mercedes-Stern vorne und hinten in Hochglanzschwarz<\/li>\n\n\n\n<li>Typographie in Hochglanzschwarz<\/li>\n<\/ul>\n\n\n\n<p>Exclusive Line Interieur<\/p>\n\n\n\n<ul class=\"wp-block-list\">\n<li>Burmester\u00ae 3D-Surround-Soundsystem<\/li>\n\n\n\n<li>Innenhimmel aus MICROCUT Mikrofaser schwarz<\/li>\n\n\n\n<li>Schiebedach<\/li>\n<\/ul>\n\n\n\n<p>Exterieur<\/p>\n\n\n\n<ul class=\"wp-block-list\">\n<li>MANUFAKTUR Classicgrau (Uni-Lackierung)<\/li>\n\n\n\n<li>MANUFAKTUR Trittbretter in Schwarz<\/li>\n\n\n\n<li>MANUFAKTUR Logo-Paket in Schwarz<\/li>\n\n\n\n<li>MANUFAKTUR Logo-Projektor im Au\u00dfenspiegel<\/li>\n\n\n\n<li>MANUFAKTUR T\u00fcrknopf in Schwarz mit Logo-Pr\u00e4gung<\/li>\n\n\n\n<li>AMG Tankdeckel<\/li>\n\n\n\n<li>Au\u00dfenschutzleisten mit Ziereinlagen in Schwarz<\/li>\n\n\n\n<li>Ersatzrad an Heckt\u00fcr<\/li>\n\n\n\n<li>LOW RANGE Gel\u00e4ndegang<\/li>\n\n\n\n<li>MULTIBEAM LED-Scheinwerfer<\/li>\n\n\n\n<li>W\u00e4rmed\u00e4mmend dunkel get\u00f6ntes Glas<\/li>\n<\/ul>\n\n\n\n<p>Interieur<\/p>\n\n\n\n<ul class=\"wp-block-list\">\n<li>AMG Zierelemente Carbon<\/li>\n\n\n\n<li>Aktiv-Multikontursitz-Paket Plus<\/li>\n\n\n\n<li>ENERGIZING Paket Plus<\/li>\n\n\n\n<li>Sitzkomfortfunktionen<\/li>\n\n\n\n<li>Standheizung<\/li>\n\n\n\n<li>Armlehnenheizung f\u00fcr Fahrer und Beifahrer<\/li>\n\n\n\n<li>W\u00e4rme-Komfort-Paket<\/li>\n\n\n\n<li>Frontscheibe beheizt<\/li>\n\n\n\n<li>Lenkradheizung<\/li>\n\n\n\n<li>Fernbedienung f\u00fcr Standheizung<\/li>\n\n\n\n<li>Ambientebeleuchtung<\/li>\n\n\n\n<li>AMG Lenkradtasten<\/li>\n\n\n\n<li>i-Size Kindersitzbefestigung<\/li>\n\n\n\n<li>Ionisierung der Innenraumluft<\/li>\n\n\n\n<li>Ladekantenschutz aus Edelstahl<\/li>\n\n\n\n<li>Trennnetz<\/li>\n<\/ul>\n\n\n\n<p>Multimedia<\/p>\n\n\n\n<ul class=\"wp-block-list\">\n<li>MBUX High-End Fond-Entertainment<\/li>\n\n\n\n<li>AMG TRACK PACE<\/li>\n\n\n\n<li>2 USB-Anschl\u00fcsse im Fond<\/li>\n\n\n\n<li>AMG DYNAMIC SELECT<\/li>\n\n\n\n<li>Erweiterte Funktionen MBUX<\/li>\n\n\n\n<li>Festplatten-Navigation<\/li>\n\n\n\n<li>MBUX Augmented Reality f\u00fcr Navigation<\/li>\n\n\n\n<li>MBUX Entertainment<\/li>\n\n\n\n<li>MBUX Navigation Premium<\/li>\n\n\n\n<li>Offroad Track<\/li>\n\n\n\n<li>Remote Services Premium<\/li>\n\n\n\n<li>Smartphone-Integration<\/li>\n\n\n\n<li>Verkehrszeichen-Assistent<\/li>\n\n\n\n<li>Vorr\u00fcstung f\u00fcr Live Traffic Information<\/li>\n\n\n\n<li>Vorr\u00fcstung f\u00fcr Navigationsdienste<\/li>\n\n\n\n<li>Digitalradio<\/li>\n\n\n\n<li>Kommunikationsmodul (LTE) f\u00fcr die Nutzung von Digitalen Extras<\/li>\n\n\n\n<li>MBUX Multimediasystem<\/li>\n\n\n\n<li>Offroad Cockpit<\/li>\n\n\n\n<li>Sound-Personalisierung<\/li>\n\n\n\n<li>Vorr\u00fcstung f\u00fcr Digitalradio<\/li>\n<\/ul>\n\n\n\n<p>Sicherheit &amp; Assistenzsysteme<\/p>\n\n\n\n<ul class=\"wp-block-list\">\n<li>Feuerl\u00f6scher<\/li>\n\n\n\n<li>Adaptiver Fernlicht-Assistent Plus<\/li>\n\n\n\n<li>Aktiver Park-Assistent mit PARKTRONIC<\/li>\n\n\n\n<li>Aktiver Spurhalte-Assistent<\/li>\n\n\n\n<li>GUARD 360\u00b0 Fahrzeugschutz Plus mit digitalen Extras<\/li>\n\n\n\n<li>Einbruch- und Diebstahlwarnanlage mit Vorr\u00fcstung f\u00fcr Kollisionserkennung<\/li>\n\n\n\n<li>Sensorik f\u00fcr Diebstahlwarnanlage<\/li>\n\n\n\n<li>Mercedes-Benz Notrufsystem<\/li>\n\n\n\n<li>Park-Assistent PARKTRONIC<\/li>\n\n\n\n<li>PRE-SAFE\u00ae System<\/li>\n\n\n\n<li>Reifendruckkontrolle<\/li>\n\n\n\n<li>Technik-Paket<\/li>\n\n\n\n<li>Assistenz-Paket<\/li>\n\n\n\n<li>Aktiver Geschwindigkeitslimit-Assistent<\/li>\n\n\n\n<li>Aktiver Lenk-Assistent<\/li>\n\n\n\n<li>Ausstiegswarnfunktion<\/li>\n\n\n\n<li>Digitales Extra: Aktiver Abstands-Assistent DISTRONIC<\/li>\n\n\n\n<li>Totwinkel-Assistent<\/li>\n\n\n\n<li>Park-Paket mit 360\u00b0-Kamera<\/li>\n\n\n\n<li>360\u00b0-Kamera<\/li>\n\n\n\n<li>Transparente Motorhaube<\/li>\n<\/ul>\n\n\n\n<p>Antrieb &amp; Fahrwerk<\/p>\n\n\n\n<ul class=\"wp-block-list\">\n<li>AMG ACTIVE RIDE CONTROL Fahrwerk<\/li>\n\n\n\n<li>Abgasreinigung EURO 6 Technik<\/li>\n\n\n\n<li>AMG SPEEDSHIFT TCT 9G Getriebe<\/li>\n\n\n\n<li>100 % Differentialsperren<\/li>\n<\/ul>\n","protected":false},"featured_media":18877,"template":"","car-category":[5],"class_list":["post-18879","car","type-car","status-publish","has-post-thumbnail","hentry","car-category-mercedes-benz"],"acf":[],"yoast_head":"<!-- This site is optimized with the Yoast SEO Premium plugin v27.4 (Yoast SEO v27.4) - https:\/\/yoast.com\/product\/yoast-seo-premium-wordpress\/ -->\n<title>MERCEDES-BENZ G 63 AMG Brabus 800 Leather White A22 Carbon - Autopoint Budapest<\/title>\n<meta name=\"robots\" content=\"index, follow, max-snippet:-1, max-image-preview:large, max-video-preview:-1\" \/>\n<link rel=\"canonical\" href=\"https:\/\/autopoint.hu\/de\/car\/mercedes-benz-g-63-amg-brabus-800-leather-white-a22-carbon\" \/>\n<meta property=\"og:locale\" content=\"de_DE\" \/>\n<meta property=\"og:type\" content=\"article\" \/>\n<meta property=\"og:title\" content=\"MERCEDES-BENZ G 63 AMG Brabus 800 Leather White A22 Carbon\" \/>\n<meta property=\"og:description\" content=\"Fahrzeugbeschreibung AMG Night-Paket AMG Night-Paket II Exclusive Line Interieur Exterieur Interieur Multimedia Sicherheit &amp; Assistenzsysteme Antrieb &amp; Fahrwerk\" \/>\n<meta property=\"og:url\" content=\"https:\/\/autopoint.hu\/de\/car\/mercedes-benz-g-63-amg-brabus-800-leather-white-a22-carbon\" \/>\n<meta property=\"og:site_name\" content=\"Autopoint Budapest\" \/>\n<meta property=\"article:publisher\" content=\"https:\/\/www.facebook.com\/autopointbudapest\" \/>\n<meta property=\"article:modified_time\" content=\"2025-12-03T10:08:16+00:00\" \/>\n<meta property=\"og:image\" content=\"https:\/\/autopoint.hu\/wp-content\/uploads\/2025\/08\/DSC04952-scaled.jpg\" \/>\n\t<meta property=\"og:image:width\" content=\"2560\" \/>\n\t<meta property=\"og:image:height\" content=\"1920\" \/>\n\t<meta property=\"og:image:type\" content=\"image\/jpeg\" \/>\n<meta name=\"twitter:card\" content=\"summary_large_image\" \/>\n<meta name=\"twitter:label1\" content=\"Gesch\u00e4tzte Lesezeit\" \/>\n\t<meta name=\"twitter:data1\" content=\"3\u00a0Minuten\" \/>\n<script type=\"application\/ld+json\" class=\"yoast-schema-graph\">{\"@context\":\"https:\\\/\\\/schema.org\",\"@graph\":[{\"@type\":\"WebPage\",\"@id\":\"https:\\\/\\\/autopoint.hu\\\/de\\\/car\\\/mercedes-benz-g-63-amg-brabus-800-leather-white-a22-carbon\",\"url\":\"https:\\\/\\\/autopoint.hu\\\/de\\\/car\\\/mercedes-benz-g-63-amg-brabus-800-leather-white-a22-carbon\",\"name\":\"MERCEDES-BENZ G 63 AMG Brabus 800 Leather White A22 Carbon - Autopoint Budapest\",\"isPartOf\":{\"@id\":\"https:\\\/\\\/autopoint.hu\\\/#website\"},\"primaryImageOfPage\":{\"@id\":\"https:\\\/\\\/autopoint.hu\\\/de\\\/car\\\/mercedes-benz-g-63-amg-brabus-800-leather-white-a22-carbon#primaryimage\"},\"image\":{\"@id\":\"https:\\\/\\\/autopoint.hu\\\/de\\\/car\\\/mercedes-benz-g-63-amg-brabus-800-leather-white-a22-carbon#primaryimage\"},\"thumbnailUrl\":\"https:\\\/\\\/autopoint.hu\\\/wp-content\\\/uploads\\\/2025\\\/08\\\/DSC04952-scaled.jpg\",\"datePublished\":\"2025-08-12T15:51:30+00:00\",\"dateModified\":\"2025-12-03T10:08:16+00:00\",\"breadcrumb\":{\"@id\":\"https:\\\/\\\/autopoint.hu\\\/de\\\/car\\\/mercedes-benz-g-63-amg-brabus-800-leather-white-a22-carbon#breadcrumb\"},\"inLanguage\":\"de\",\"potentialAction\":[{\"@type\":\"ReadAction\",\"target\":[\"https:\\\/\\\/autopoint.hu\\\/de\\\/car\\\/mercedes-benz-g-63-amg-brabus-800-leather-white-a22-carbon\"]}]},{\"@type\":\"ImageObject\",\"inLanguage\":\"de\",\"@id\":\"https:\\\/\\\/autopoint.hu\\\/de\\\/car\\\/mercedes-benz-g-63-amg-brabus-800-leather-white-a22-carbon#primaryimage\",\"url\":\"https:\\\/\\\/autopoint.hu\\\/wp-content\\\/uploads\\\/2025\\\/08\\\/DSC04952-scaled.jpg\",\"contentUrl\":\"https:\\\/\\\/autopoint.hu\\\/wp-content\\\/uploads\\\/2025\\\/08\\\/DSC04952-scaled.jpg\",\"width\":2560,\"height\":1920},{\"@type\":\"BreadcrumbList\",\"@id\":\"https:\\\/\\\/autopoint.hu\\\/de\\\/car\\\/mercedes-benz-g-63-amg-brabus-800-leather-white-a22-carbon#breadcrumb\",\"itemListElement\":[{\"@type\":\"ListItem\",\"position\":1,\"name\":\"Home\",\"item\":\"https:\\\/\\\/autopoint.hu\\\/de\"},{\"@type\":\"ListItem\",\"position\":2,\"name\":\"Cars\",\"item\":\"https:\\\/\\\/autopoint.hu\\\/keszleten\"},{\"@type\":\"ListItem\",\"position\":3,\"name\":\"MERCEDES-BENZ G 63 AMG Brabus 800 Leather White A22 Carbon\"}]},{\"@type\":\"WebSite\",\"@id\":\"https:\\\/\\\/autopoint.hu\\\/#website\",\"url\":\"https:\\\/\\\/autopoint.hu\\\/\",\"name\":\"Autopoint Budapest\",\"description\":\"\",\"publisher\":{\"@id\":\"https:\\\/\\\/autopoint.hu\\\/#organization\"},\"alternateName\":\"Autopoint Budapest\",\"potentialAction\":[{\"@type\":\"SearchAction\",\"target\":{\"@type\":\"EntryPoint\",\"urlTemplate\":\"https:\\\/\\\/autopoint.hu\\\/?s={search_term_string}\"},\"query-input\":{\"@type\":\"PropertyValueSpecification\",\"valueRequired\":true,\"valueName\":\"search_term_string\"}}],\"inLanguage\":\"de\"},{\"@type\":\"Organization\",\"@id\":\"https:\\\/\\\/autopoint.hu\\\/#organization\",\"name\":\"Different Quality Kft.\",\"url\":\"https:\\\/\\\/autopoint.hu\\\/\",\"logo\":{\"@type\":\"ImageObject\",\"inLanguage\":\"de\",\"@id\":\"https:\\\/\\\/autopoint.hu\\\/#\\\/schema\\\/logo\\\/image\\\/\",\"url\":\"https:\\\/\\\/autopoint.hu\\\/wp-content\\\/uploads\\\/2024\\\/05\\\/logo-white.svg\",\"contentUrl\":\"https:\\\/\\\/autopoint.hu\\\/wp-content\\\/uploads\\\/2024\\\/05\\\/logo-white.svg\",\"width\":444,\"height\":59,\"caption\":\"Different Quality Kft.\"},\"image\":{\"@id\":\"https:\\\/\\\/autopoint.hu\\\/#\\\/schema\\\/logo\\\/image\\\/\"},\"sameAs\":[\"https:\\\/\\\/www.facebook.com\\\/autopointbudapest\",\"https:\\\/\\\/www.instagram.com\\\/autopoint_budapest\\\/\",\"https:\\\/\\\/www.youtube.com\\\/@autopointbudapest\"]}]}<\/script>\n<!-- \/ Yoast SEO Premium plugin. -->","yoast_head_json":{"title":"MERCEDES-BENZ G 63 AMG Brabus 800 Leather White A22 Carbon - Autopoint Budapest","robots":{"index":"index","follow":"follow","max-snippet":"max-snippet:-1","max-image-preview":"max-image-preview:large","max-video-preview":"max-video-preview:-1"},"canonical":"https:\/\/autopoint.hu\/de\/car\/mercedes-benz-g-63-amg-brabus-800-leather-white-a22-carbon","og_locale":"de_DE","og_type":"article","og_title":"MERCEDES-BENZ G 63 AMG Brabus 800 Leather White A22 Carbon","og_description":"Fahrzeugbeschreibung AMG Night-Paket AMG Night-Paket II Exclusive Line Interieur Exterieur Interieur Multimedia Sicherheit &amp; Assistenzsysteme Antrieb &amp; Fahrwerk","og_url":"https:\/\/autopoint.hu\/de\/car\/mercedes-benz-g-63-amg-brabus-800-leather-white-a22-carbon","og_site_name":"Autopoint Budapest","article_publisher":"https:\/\/www.facebook.com\/autopointbudapest","article_modified_time":"2025-12-03T10:08:16+00:00","og_image":[{"width":2560,"height":1920,"url":"https:\/\/autopoint.hu\/wp-content\/uploads\/2025\/08\/DSC04952-scaled.jpg","type":"image\/jpeg"}],"twitter_card":"summary_large_image","twitter_misc":{"Gesch\u00e4tzte Lesezeit":"3\u00a0Minuten"},"schema":{"@context":"https:\/\/schema.org","@graph":[{"@type":"WebPage","@id":"https:\/\/autopoint.hu\/de\/car\/mercedes-benz-g-63-amg-brabus-800-leather-white-a22-carbon","url":"https:\/\/autopoint.hu\/de\/car\/mercedes-benz-g-63-amg-brabus-800-leather-white-a22-carbon","name":"MERCEDES-BENZ G 63 AMG Brabus 800 Leather White A22 Carbon - Autopoint Budapest","isPartOf":{"@id":"https:\/\/autopoint.hu\/#website"},"primaryImageOfPage":{"@id":"https:\/\/autopoint.hu\/de\/car\/mercedes-benz-g-63-amg-brabus-800-leather-white-a22-carbon#primaryimage"},"image":{"@id":"https:\/\/autopoint.hu\/de\/car\/mercedes-benz-g-63-amg-brabus-800-leather-white-a22-carbon#primaryimage"},"thumbnailUrl":"https:\/\/autopoint.hu\/wp-content\/uploads\/2025\/08\/DSC04952-scaled.jpg","datePublished":"2025-08-12T15:51:30+00:00","dateModified":"2025-12-03T10:08:16+00:00","breadcrumb":{"@id":"https:\/\/autopoint.hu\/de\/car\/mercedes-benz-g-63-amg-brabus-800-leather-white-a22-carbon#breadcrumb"},"inLanguage":"de","potentialAction":[{"@type":"ReadAction","target":["https:\/\/autopoint.hu\/de\/car\/mercedes-benz-g-63-amg-brabus-800-leather-white-a22-carbon"]}]},{"@type":"ImageObject","inLanguage":"de","@id":"https:\/\/autopoint.hu\/de\/car\/mercedes-benz-g-63-amg-brabus-800-leather-white-a22-carbon#primaryimage","url":"https:\/\/autopoint.hu\/wp-content\/uploads\/2025\/08\/DSC04952-scaled.jpg","contentUrl":"https:\/\/autopoint.hu\/wp-content\/uploads\/2025\/08\/DSC04952-scaled.jpg","width":2560,"height":1920},{"@type":"BreadcrumbList","@id":"https:\/\/autopoint.hu\/de\/car\/mercedes-benz-g-63-amg-brabus-800-leather-white-a22-carbon#breadcrumb","itemListElement":[{"@type":"ListItem","position":1,"name":"Home","item":"https:\/\/autopoint.hu\/de"},{"@type":"ListItem","position":2,"name":"Cars","item":"https:\/\/autopoint.hu\/keszleten"},{"@type":"ListItem","position":3,"name":"MERCEDES-BENZ G 63 AMG Brabus 800 Leather White A22 Carbon"}]},{"@type":"WebSite","@id":"https:\/\/autopoint.hu\/#website","url":"https:\/\/autopoint.hu\/","name":"Autopoint Budapest","description":"","publisher":{"@id":"https:\/\/autopoint.hu\/#organization"},"alternateName":"Autopoint Budapest","potentialAction":[{"@type":"SearchAction","target":{"@type":"EntryPoint","urlTemplate":"https:\/\/autopoint.hu\/?s={search_term_string}"},"query-input":{"@type":"PropertyValueSpecification","valueRequired":true,"valueName":"search_term_string"}}],"inLanguage":"de"},{"@type":"Organization","@id":"https:\/\/autopoint.hu\/#organization","name":"Different Quality Kft.","url":"https:\/\/autopoint.hu\/","logo":{"@type":"ImageObject","inLanguage":"de","@id":"https:\/\/autopoint.hu\/#\/schema\/logo\/image\/","url":"https:\/\/autopoint.hu\/wp-content\/uploads\/2024\/05\/logo-white.svg","contentUrl":"https:\/\/autopoint.hu\/wp-content\/uploads\/2024\/05\/logo-white.svg","width":444,"height":59,"caption":"Different Quality Kft."},"image":{"@id":"https:\/\/autopoint.hu\/#\/schema\/logo\/image\/"},"sameAs":["https:\/\/www.facebook.com\/autopointbudapest","https:\/\/www.instagram.com\/autopoint_budapest\/","https:\/\/www.youtube.com\/@autopointbudapest"]}]}},"_links":{"self":[{"href":"https:\/\/autopoint.hu\/de\/wp-json\/wp\/v2\/car\/18879","targetHints":{"allow":["GET"]}}],"collection":[{"href":"https:\/\/autopoint.hu\/de\/wp-json\/wp\/v2\/car"}],"about":[{"href":"https:\/\/autopoint.hu\/de\/wp-json\/wp\/v2\/types\/car"}],"wp:featuredmedia":[{"embeddable":true,"href":"https:\/\/autopoint.hu\/de\/wp-json\/wp\/v2\/media\/18877"}],"wp:attachment":[{"href":"https:\/\/autopoint.hu\/de\/wp-json\/wp\/v2\/media?parent=18879"}],"wp:term":[{"taxonomy":"car-category","embeddable":true,"href":"https:\/\/autopoint.hu\/de\/wp-json\/wp\/v2\/car-category?post=18879"}],"curies":[{"name":"wp","href":"https:\/\/api.w.org\/{rel}","templated":true}]}}