{"id":21524,"date":"2025-11-13T11:13:23","date_gmt":"2025-11-13T10:13:23","guid":{"rendered":"https:\/\/autopoint.hu\/car\/mercedes-benz-g-63-amg-brabus-800-leather-nappa-bicolor-starlight"},"modified":"2026-02-13T13:09:32","modified_gmt":"2026-02-13T12:09:32","slug":"mercedes-benz-g-63-amg-brabus-800-leather-nappa-bicolor-starlight","status":"publish","type":"car","link":"https:\/\/autopoint.hu\/de\/car\/mercedes-benz-g-63-amg-brabus-800-leather-nappa-bicolor-starlight","title":{"rendered":"Mercedes-Benz G 63 AMG BRABUS 800 Leather Nappa BiColor Starlight"},"content":{"rendered":"\n<p>BRABUS \u2013 Exklusive Ausstattungs\u00fcbersicht<\/p>\n\n\n\n<p>BRABUS Komponenten<\/p>\n\n\n\n<ul class=\"wp-block-list\">\n<li>Mit originalen BRABUS Zertifikaten<\/li>\n\n\n\n<li>BRABUS PowerXtra B40\u2013800 (BR465) Leistungssteigerung<\/li>\n\n\n\n<li>BRABUS Widestar Breitbau-Karosserie<\/li>\n\n\n\n<li>BRABUS Sportabgasanlage mit beleuchteten Carbon-Klappen<\/li>\n\n\n\n<li>BRABUS Dachaufsatz in Carbon mit LED-Beleuchtung<\/li>\n\n\n\n<li>BRABUS Motorhaubenaufsatz aus Carbon<\/li>\n\n\n\n<li>BRABUS Heckfl\u00fcgel aus Carbon<\/li>\n\n\n\n<li>BRABUS Reserveradabdeckung aus Carbon<\/li>\n\n\n\n<li>BRABUS 24'' Monoblock ZM Schmieder\u00e4der<\/li>\n\n\n\n<li>BRABUS Double-B K\u00fchlergrillemblem<\/li>\n\n\n\n<li>BRABUS beleuchtetes K\u00fchlergrillemblem<\/li>\n\n\n\n<li>BRABUS Einstiegsbeleuchtung<\/li>\n\n\n\n<li>BRABUS Aluminium-Pedalauflagen<\/li>\n\n\n\n<li>BRABUS T\u00fcrpins<\/li>\n\n\n\n<li>BRABUS Kofferraummatte<\/li>\n\n\n\n<li>BRABUS Premium-Fu\u00dfmattensatz<\/li>\n\n\n\n<li>Sternenhimmel-Dachhimmel<\/li>\n\n\n\n<li>Bremssystem im individuellen Wei\u00df\/Schwarz-Design<\/li>\n<\/ul>\n\n\n\n<p>BRABUS Interieur \u2013 Ma\u00dfgeschneiderte Veredelung<\/p>\n\n\n\n<ul class=\"wp-block-list\">\n<li>Interieur in Nappaleder Wei\u00df \/ Hellblau mit wei\u00dfer Paspelierung<\/li>\n\n\n\n<li>Lenkrad in Hellblau-Leder und Schwarz-Carbon Kombination<\/li>\n\n\n\n<li>Bedienelemente in Wei\u00df \/ Carbon-Design<\/li>\n\n\n\n<li>Dekorelemente im AMG-Stil, Wei\u00df hochgl\u00e4nzend<\/li>\n<\/ul>\n\n\n\n<p>AMG &amp; Mercedes-Benz Werksausstattung<\/p>\n\n\n\n<p>AMG Night Package<\/p>\n\n\n\n<ul class=\"wp-block-list\">\n<li>AMG-spezifischer K\u00fchlergrill in Dark Chrome<\/li>\n\n\n\n<li>Au\u00dfenspiegelgeh\u00e4use in Obsidian Black<\/li>\n\n\n\n<li>Sto\u00dff\u00e4nger-Eins\u00e4tze in Obsidian Black<\/li>\n\n\n\n<li>Reserveradring in Obsidian Black<\/li>\n\n\n\n<li>Abgedunkelte Leuchteneinheiten<\/li>\n\n\n\n<li>Optischer Unterfahrschutz in Obsidian Black<\/li>\n<\/ul>\n\n\n\n<p>Komfort-Paket<\/p>\n\n\n\n<ul class=\"wp-block-list\">\n<li>Temperierter Cupholder<\/li>\n\n\n\n<li>Integrierter Garagentor\u00f6ffner<\/li>\n\n\n\n<li>Kabelloses Ladesystem f\u00fcr mobile Ger\u00e4te (vorn)<\/li>\n\n\n\n<li>KEYLESS-GO<\/li>\n<\/ul>\n\n\n\n<p>AMG Night Package II<\/p>\n\n\n\n<ul class=\"wp-block-list\">\n<li>AMG Emblem auf der Motorhaube in Dark Chrome<\/li>\n\n\n\n<li>Mercedes-Stern vorne und hinten in Hochglanz Schwarz<\/li>\n\n\n\n<li>Schriftz\u00fcge in Hochglanz Schwarz<\/li>\n<\/ul>\n\n\n\n<p>EXCLUSIVE Line Interieur<\/p>\n\n\n\n<ul class=\"wp-block-list\">\n<li>Oberer Teil des Instrumententr\u00e4gers in Leder<\/li>\n\n\n\n<li>Burmester\u00ae 3D-Surround-Soundsystem<\/li>\n\n\n\n<li>Schiebedach<\/li>\n<\/ul>\n\n\n\n<p>MANUFAKTUR Ausstattung<\/p>\n\n\n\n<ul class=\"wp-block-list\">\n<li>MANUFAKTUR Lackierung: classic grey uni<\/li>\n\n\n\n<li>MANUFAKTUR Trittbretter in Schwarz<\/li>\n\n\n\n<li>MANUFAKTUR Logopaket in Schwarz<\/li>\n\n\n\n<li>MANUFAKTUR Logo-Projektor in den Au\u00dfenspiegeln<\/li>\n\n\n\n<li>MANUFAKTUR T\u00fcrgriffe in Schwarz mit gepr\u00e4gtem Logo<\/li>\n<\/ul>\n\n\n\n<p>Exterieur<\/p>\n\n\n\n<ul class=\"wp-block-list\">\n<li>Au\u00dfenschutzleisten mit schwarzen Zierintarsien<\/li>\n\n\n\n<li>Reserverad an der Heckt\u00fcr<\/li>\n\n\n\n<li>LOW RANGE Untersetzungsgetriebe<\/li>\n\n\n\n<li>MULTIBEAM LED Scheinwerfer<\/li>\n\n\n\n<li>W\u00e4rmed\u00e4mmendes, dunkel get\u00f6ntes Glas<\/li>\n<\/ul>\n\n\n\n<p>Interieur Komfort &amp; Design<\/p>\n\n\n\n<ul class=\"wp-block-list\">\n<li>AMG Zierelemente in Carbon<\/li>\n\n\n\n<li>Aktives Multikontur-Sitzpaket Plus<\/li>\n\n\n\n<li>ENERGIZING Plus Paket<\/li>\n\n\n\n<li>AMG Performance Lenkrad in Carbon-Design<\/li>\n\n\n\n<li>Beheizte Armlehnen vorn<\/li>\n\n\n\n<li>W\u00e4rme-Komfort-Paket<\/li>\n\n\n\n<li>Beheizte Frontscheibe<\/li>\n\n\n\n<li>Lenkradheizung<\/li>\n\n\n\n<li>Fernbedienung f\u00fcr Standheizung<\/li>\n\n\n\n<li>Ambientebeleuchtung<\/li>\n\n\n\n<li>AMG Lenkradtasten<\/li>\n\n\n\n<li>i-Size Kindersitzbefestigung<\/li>\n\n\n\n<li>Innenraum-Ionisierung<\/li>\n\n\n\n<li>Ladekanten\u00adschutz aus Edelstahl<\/li>\n\n\n\n<li>Trennnetz<\/li>\n\n\n\n<li>Memory-Funktion f\u00fcr Vordersitze und Kopfst\u00fctzen<\/li>\n\n\n\n<li>Sitzheizung im Fond<\/li>\n<\/ul>\n\n\n\n<p>Multimedia &amp; MBUX<\/p>\n\n\n\n<ul class=\"wp-block-list\">\n<li>MBUX High-End Fond-Entertainment<\/li>\n\n\n\n<li>AMG TRACK PACE<\/li>\n\n\n\n<li>2 USB-Anschl\u00fcsse im Fond<\/li>\n\n\n\n<li>MBUX Augmented Reality f\u00fcr Navigation<\/li>\n\n\n\n<li>MBUX Premium Navigation<\/li>\n\n\n\n<li>MBUX Entertainment<\/li>\n\n\n\n<li>Offroad Track Anzeige<\/li>\n\n\n\n<li>Remote Services Premium<\/li>\n\n\n\n<li>Smartphone-Integration<\/li>\n\n\n\n<li>Verkehrszeichen-Assistent<\/li>\n\n\n\n<li>LTE-Kommunikationsmodul<\/li>\n\n\n\n<li>OFFROAD COCKPIT<\/li>\n\n\n\n<li>Klangpersonalisierung<\/li>\n<\/ul>\n\n\n\n<p>Sicherheits- &amp; Assistenzsysteme<\/p>\n\n\n\n<ul class=\"wp-block-list\">\n<li>Feuerl\u00f6scher<\/li>\n\n\n\n<li>Adaptive Highbeam Assist Plus<\/li>\n\n\n\n<li>Aktiver Park-Assistent mit PARKTRONIC<\/li>\n\n\n\n<li>Aktiver Spurhalte-Assistent<\/li>\n\n\n\n<li>GUARD 360\u00b0 Fahrzeugschutz Plus<\/li>\n\n\n\n<li>Einbruch- und Diebstahlwarnanlage mit Kollisionsvorbereitung<\/li>\n\n\n\n<li>Mercedes-Benz Notrufsystem<\/li>\n\n\n\n<li>PARKTRONIC inkl. 360\u00b0 Kamera<\/li>\n\n\n\n<li>PRE-SAFE\u00ae System<\/li>\n\n\n\n<li>Reifendruckkontrolle<\/li>\n<\/ul>\n\n\n\n<p>Assistenzpaket<\/p>\n\n\n\n<ul class=\"wp-block-list\">\n<li>Aktiver Geschwindigkeitslimit-Assistent<\/li>\n\n\n\n<li>Aktiver Lenk-Assistent<\/li>\n\n\n\n<li>Ausstiegswarnfunktion<\/li>\n\n\n\n<li>Aktiver Abstands-Assistent DISTRONIC<\/li>\n\n\n\n<li>Totwinkel-Assistent<\/li>\n<\/ul>\n\n\n\n<p>Antrieb &amp; Fahrwerk<\/p>\n\n\n\n<ul class=\"wp-block-list\">\n<li>AMG ACTIVE RIDE CONTROL Fahrwerk<\/li>\n\n\n\n<li>Abgasnorm Euro 6<\/li>\n\n\n\n<li>AMG SPEEDSHIFT TCT 9G Getriebe<\/li>\n\n\n\n<li>100% sperrbare Differenziale<\/li>\n<\/ul>\n","protected":false},"featured_media":21819,"template":"","car-category":[5],"class_list":["post-21524","car","type-car","status-publish","has-post-thumbnail","hentry","car-category-mercedes-benz"],"acf":[],"yoast_head":"<!-- This site is optimized with the Yoast SEO Premium plugin v27.4 (Yoast SEO v27.4) - https:\/\/yoast.com\/product\/yoast-seo-premium-wordpress\/ -->\n<title>Mercedes-Benz G 63 AMG BRABUS 800 Leather Nappa BiColor Starlight - Autopoint Budapest<\/title>\n<meta name=\"robots\" content=\"index, follow, max-snippet:-1, max-image-preview:large, max-video-preview:-1\" \/>\n<link rel=\"canonical\" href=\"https:\/\/autopoint.hu\/de\/car\/mercedes-benz-g-63-amg-brabus-800-leather-nappa-bicolor-starlight\" \/>\n<meta property=\"og:locale\" content=\"de_DE\" \/>\n<meta property=\"og:type\" content=\"article\" \/>\n<meta property=\"og:title\" content=\"Mercedes-Benz G 63 AMG BRABUS 800 Leather Nappa BiColor Starlight\" \/>\n<meta property=\"og:description\" content=\"BRABUS \u2013 Exklusive Ausstattungs\u00fcbersicht BRABUS Komponenten BRABUS Interieur \u2013 Ma\u00dfgeschneiderte Veredelung AMG &amp; Mercedes-Benz Werksausstattung AMG Night Package Komfort-Paket AMG Night Package II EXCLUSIVE Line Interieur MANUFAKTUR Ausstattung Exterieur Interieur Komfort &amp; Design Multimedia &amp; MBUX Sicherheits- &amp; Assistenzsysteme Assistenzpaket Antrieb &amp; Fahrwerk\" \/>\n<meta property=\"og:url\" content=\"https:\/\/autopoint.hu\/de\/car\/mercedes-benz-g-63-amg-brabus-800-leather-nappa-bicolor-starlight\" \/>\n<meta property=\"og:site_name\" content=\"Autopoint Budapest\" \/>\n<meta property=\"article:publisher\" content=\"https:\/\/www.facebook.com\/autopointbudapest\" \/>\n<meta property=\"article:modified_time\" content=\"2026-02-13T12:09:32+00:00\" \/>\n<meta property=\"og:image\" content=\"https:\/\/autopoint.hu\/wp-content\/uploads\/2025\/11\/DSC05823-1-scaled.jpeg\" \/>\n\t<meta property=\"og:image:width\" content=\"2560\" \/>\n\t<meta property=\"og:image:height\" content=\"1920\" \/>\n\t<meta property=\"og:image:type\" content=\"image\/jpeg\" \/>\n<meta name=\"twitter:card\" content=\"summary_large_image\" \/>\n<meta name=\"twitter:label1\" content=\"Gesch\u00e4tzte Lesezeit\" \/>\n\t<meta name=\"twitter:data1\" content=\"3\u00a0Minuten\" \/>\n<script type=\"application\/ld+json\" class=\"yoast-schema-graph\">{\"@context\":\"https:\\\/\\\/schema.org\",\"@graph\":[{\"@type\":\"WebPage\",\"@id\":\"https:\\\/\\\/autopoint.hu\\\/de\\\/car\\\/mercedes-benz-g-63-amg-brabus-800-leather-nappa-bicolor-starlight\",\"url\":\"https:\\\/\\\/autopoint.hu\\\/de\\\/car\\\/mercedes-benz-g-63-amg-brabus-800-leather-nappa-bicolor-starlight\",\"name\":\"Mercedes-Benz G 63 AMG BRABUS 800 Leather Nappa BiColor Starlight - Autopoint Budapest\",\"isPartOf\":{\"@id\":\"https:\\\/\\\/autopoint.hu\\\/#website\"},\"primaryImageOfPage\":{\"@id\":\"https:\\\/\\\/autopoint.hu\\\/de\\\/car\\\/mercedes-benz-g-63-amg-brabus-800-leather-nappa-bicolor-starlight#primaryimage\"},\"image\":{\"@id\":\"https:\\\/\\\/autopoint.hu\\\/de\\\/car\\\/mercedes-benz-g-63-amg-brabus-800-leather-nappa-bicolor-starlight#primaryimage\"},\"thumbnailUrl\":\"https:\\\/\\\/autopoint.hu\\\/wp-content\\\/uploads\\\/2025\\\/11\\\/DSC05823-1-scaled.jpeg\",\"datePublished\":\"2025-11-13T10:13:23+00:00\",\"dateModified\":\"2026-02-13T12:09:32+00:00\",\"breadcrumb\":{\"@id\":\"https:\\\/\\\/autopoint.hu\\\/de\\\/car\\\/mercedes-benz-g-63-amg-brabus-800-leather-nappa-bicolor-starlight#breadcrumb\"},\"inLanguage\":\"de\",\"potentialAction\":[{\"@type\":\"ReadAction\",\"target\":[\"https:\\\/\\\/autopoint.hu\\\/de\\\/car\\\/mercedes-benz-g-63-amg-brabus-800-leather-nappa-bicolor-starlight\"]}]},{\"@type\":\"ImageObject\",\"inLanguage\":\"de\",\"@id\":\"https:\\\/\\\/autopoint.hu\\\/de\\\/car\\\/mercedes-benz-g-63-amg-brabus-800-leather-nappa-bicolor-starlight#primaryimage\",\"url\":\"https:\\\/\\\/autopoint.hu\\\/wp-content\\\/uploads\\\/2025\\\/11\\\/DSC05823-1-scaled.jpeg\",\"contentUrl\":\"https:\\\/\\\/autopoint.hu\\\/wp-content\\\/uploads\\\/2025\\\/11\\\/DSC05823-1-scaled.jpeg\",\"width\":2560,\"height\":1920},{\"@type\":\"BreadcrumbList\",\"@id\":\"https:\\\/\\\/autopoint.hu\\\/de\\\/car\\\/mercedes-benz-g-63-amg-brabus-800-leather-nappa-bicolor-starlight#breadcrumb\",\"itemListElement\":[{\"@type\":\"ListItem\",\"position\":1,\"name\":\"Home\",\"item\":\"https:\\\/\\\/autopoint.hu\\\/de\"},{\"@type\":\"ListItem\",\"position\":2,\"name\":\"Cars\",\"item\":\"https:\\\/\\\/autopoint.hu\\\/keszleten\"},{\"@type\":\"ListItem\",\"position\":3,\"name\":\"Mercedes-Benz G 63 AMG BRABUS 800 Leather Nappa BiColor Starlight\"}]},{\"@type\":\"WebSite\",\"@id\":\"https:\\\/\\\/autopoint.hu\\\/#website\",\"url\":\"https:\\\/\\\/autopoint.hu\\\/\",\"name\":\"Autopoint Budapest\",\"description\":\"\",\"publisher\":{\"@id\":\"https:\\\/\\\/autopoint.hu\\\/#organization\"},\"alternateName\":\"Autopoint Budapest\",\"potentialAction\":[{\"@type\":\"SearchAction\",\"target\":{\"@type\":\"EntryPoint\",\"urlTemplate\":\"https:\\\/\\\/autopoint.hu\\\/?s={search_term_string}\"},\"query-input\":{\"@type\":\"PropertyValueSpecification\",\"valueRequired\":true,\"valueName\":\"search_term_string\"}}],\"inLanguage\":\"de\"},{\"@type\":\"Organization\",\"@id\":\"https:\\\/\\\/autopoint.hu\\\/#organization\",\"name\":\"Different Quality Kft.\",\"url\":\"https:\\\/\\\/autopoint.hu\\\/\",\"logo\":{\"@type\":\"ImageObject\",\"inLanguage\":\"de\",\"@id\":\"https:\\\/\\\/autopoint.hu\\\/#\\\/schema\\\/logo\\\/image\\\/\",\"url\":\"https:\\\/\\\/autopoint.hu\\\/wp-content\\\/uploads\\\/2024\\\/05\\\/logo-white.svg\",\"contentUrl\":\"https:\\\/\\\/autopoint.hu\\\/wp-content\\\/uploads\\\/2024\\\/05\\\/logo-white.svg\",\"width\":444,\"height\":59,\"caption\":\"Different Quality Kft.\"},\"image\":{\"@id\":\"https:\\\/\\\/autopoint.hu\\\/#\\\/schema\\\/logo\\\/image\\\/\"},\"sameAs\":[\"https:\\\/\\\/www.facebook.com\\\/autopointbudapest\",\"https:\\\/\\\/www.instagram.com\\\/autopoint_budapest\\\/\",\"https:\\\/\\\/www.youtube.com\\\/@autopointbudapest\"]}]}<\/script>\n<!-- \/ Yoast SEO Premium plugin. -->","yoast_head_json":{"title":"Mercedes-Benz G 63 AMG BRABUS 800 Leather Nappa BiColor Starlight - Autopoint Budapest","robots":{"index":"index","follow":"follow","max-snippet":"max-snippet:-1","max-image-preview":"max-image-preview:large","max-video-preview":"max-video-preview:-1"},"canonical":"https:\/\/autopoint.hu\/de\/car\/mercedes-benz-g-63-amg-brabus-800-leather-nappa-bicolor-starlight","og_locale":"de_DE","og_type":"article","og_title":"Mercedes-Benz G 63 AMG BRABUS 800 Leather Nappa BiColor Starlight","og_description":"BRABUS \u2013 Exklusive Ausstattungs\u00fcbersicht BRABUS Komponenten BRABUS Interieur \u2013 Ma\u00dfgeschneiderte Veredelung AMG &amp; Mercedes-Benz Werksausstattung AMG Night Package Komfort-Paket AMG Night Package II EXCLUSIVE Line Interieur MANUFAKTUR Ausstattung Exterieur Interieur Komfort &amp; Design Multimedia &amp; MBUX Sicherheits- &amp; Assistenzsysteme Assistenzpaket Antrieb &amp; Fahrwerk","og_url":"https:\/\/autopoint.hu\/de\/car\/mercedes-benz-g-63-amg-brabus-800-leather-nappa-bicolor-starlight","og_site_name":"Autopoint Budapest","article_publisher":"https:\/\/www.facebook.com\/autopointbudapest","article_modified_time":"2026-02-13T12:09:32+00:00","og_image":[{"width":2560,"height":1920,"url":"https:\/\/autopoint.hu\/wp-content\/uploads\/2025\/11\/DSC05823-1-scaled.jpeg","type":"image\/jpeg"}],"twitter_card":"summary_large_image","twitter_misc":{"Gesch\u00e4tzte Lesezeit":"3\u00a0Minuten"},"schema":{"@context":"https:\/\/schema.org","@graph":[{"@type":"WebPage","@id":"https:\/\/autopoint.hu\/de\/car\/mercedes-benz-g-63-amg-brabus-800-leather-nappa-bicolor-starlight","url":"https:\/\/autopoint.hu\/de\/car\/mercedes-benz-g-63-amg-brabus-800-leather-nappa-bicolor-starlight","name":"Mercedes-Benz G 63 AMG BRABUS 800 Leather Nappa BiColor Starlight - Autopoint Budapest","isPartOf":{"@id":"https:\/\/autopoint.hu\/#website"},"primaryImageOfPage":{"@id":"https:\/\/autopoint.hu\/de\/car\/mercedes-benz-g-63-amg-brabus-800-leather-nappa-bicolor-starlight#primaryimage"},"image":{"@id":"https:\/\/autopoint.hu\/de\/car\/mercedes-benz-g-63-amg-brabus-800-leather-nappa-bicolor-starlight#primaryimage"},"thumbnailUrl":"https:\/\/autopoint.hu\/wp-content\/uploads\/2025\/11\/DSC05823-1-scaled.jpeg","datePublished":"2025-11-13T10:13:23+00:00","dateModified":"2026-02-13T12:09:32+00:00","breadcrumb":{"@id":"https:\/\/autopoint.hu\/de\/car\/mercedes-benz-g-63-amg-brabus-800-leather-nappa-bicolor-starlight#breadcrumb"},"inLanguage":"de","potentialAction":[{"@type":"ReadAction","target":["https:\/\/autopoint.hu\/de\/car\/mercedes-benz-g-63-amg-brabus-800-leather-nappa-bicolor-starlight"]}]},{"@type":"ImageObject","inLanguage":"de","@id":"https:\/\/autopoint.hu\/de\/car\/mercedes-benz-g-63-amg-brabus-800-leather-nappa-bicolor-starlight#primaryimage","url":"https:\/\/autopoint.hu\/wp-content\/uploads\/2025\/11\/DSC05823-1-scaled.jpeg","contentUrl":"https:\/\/autopoint.hu\/wp-content\/uploads\/2025\/11\/DSC05823-1-scaled.jpeg","width":2560,"height":1920},{"@type":"BreadcrumbList","@id":"https:\/\/autopoint.hu\/de\/car\/mercedes-benz-g-63-amg-brabus-800-leather-nappa-bicolor-starlight#breadcrumb","itemListElement":[{"@type":"ListItem","position":1,"name":"Home","item":"https:\/\/autopoint.hu\/de"},{"@type":"ListItem","position":2,"name":"Cars","item":"https:\/\/autopoint.hu\/keszleten"},{"@type":"ListItem","position":3,"name":"Mercedes-Benz G 63 AMG BRABUS 800 Leather Nappa BiColor Starlight"}]},{"@type":"WebSite","@id":"https:\/\/autopoint.hu\/#website","url":"https:\/\/autopoint.hu\/","name":"Autopoint Budapest","description":"","publisher":{"@id":"https:\/\/autopoint.hu\/#organization"},"alternateName":"Autopoint Budapest","potentialAction":[{"@type":"SearchAction","target":{"@type":"EntryPoint","urlTemplate":"https:\/\/autopoint.hu\/?s={search_term_string}"},"query-input":{"@type":"PropertyValueSpecification","valueRequired":true,"valueName":"search_term_string"}}],"inLanguage":"de"},{"@type":"Organization","@id":"https:\/\/autopoint.hu\/#organization","name":"Different Quality Kft.","url":"https:\/\/autopoint.hu\/","logo":{"@type":"ImageObject","inLanguage":"de","@id":"https:\/\/autopoint.hu\/#\/schema\/logo\/image\/","url":"https:\/\/autopoint.hu\/wp-content\/uploads\/2024\/05\/logo-white.svg","contentUrl":"https:\/\/autopoint.hu\/wp-content\/uploads\/2024\/05\/logo-white.svg","width":444,"height":59,"caption":"Different Quality Kft."},"image":{"@id":"https:\/\/autopoint.hu\/#\/schema\/logo\/image\/"},"sameAs":["https:\/\/www.facebook.com\/autopointbudapest","https:\/\/www.instagram.com\/autopoint_budapest\/","https:\/\/www.youtube.com\/@autopointbudapest"]}]}},"_links":{"self":[{"href":"https:\/\/autopoint.hu\/de\/wp-json\/wp\/v2\/car\/21524","targetHints":{"allow":["GET"]}}],"collection":[{"href":"https:\/\/autopoint.hu\/de\/wp-json\/wp\/v2\/car"}],"about":[{"href":"https:\/\/autopoint.hu\/de\/wp-json\/wp\/v2\/types\/car"}],"wp:featuredmedia":[{"embeddable":true,"href":"https:\/\/autopoint.hu\/de\/wp-json\/wp\/v2\/media\/21819"}],"wp:attachment":[{"href":"https:\/\/autopoint.hu\/de\/wp-json\/wp\/v2\/media?parent=21524"}],"wp:term":[{"taxonomy":"car-category","embeddable":true,"href":"https:\/\/autopoint.hu\/de\/wp-json\/wp\/v2\/car-category?post=21524"}],"curies":[{"name":"wp","href":"https:\/\/api.w.org\/{rel}","templated":true}]}}