{"id":21620,"date":"2025-11-13T14:13:50","date_gmt":"2025-11-13T13:13:50","guid":{"rendered":"https:\/\/autopoint.hu\/car\/mercedes-benz-g-63-amg-brabus-800-signature-carbon-iiiiii-a22"},"modified":"2025-12-03T11:01:35","modified_gmt":"2025-12-03T10:01:35","slug":"mercedes-benz-g-63-amg-brabus-800-signature-carbon-iiiiii-a22","status":"publish","type":"car","link":"https:\/\/autopoint.hu\/de\/car\/mercedes-benz-g-63-amg-brabus-800-signature-carbon-iiiiii-a22","title":{"rendered":"MERCEDES-BENZ G 63 AMG BRABUS 800 Signature Carbon I+II+III A22"},"content":{"rendered":"\n<p>BRABUS Ausstattungsliste \u2013 Premium Spezifikation<\/p>\n\n\n\n<p>BRABUS Exterieur &amp; Aerodynamik<\/p>\n\n\n\n<ul class=\"wp-block-list\">\n<li>BRABUS Zertifikate<\/li>\n\n\n\n<li>BRABUS Widestar Breitbaukarosserie<\/li>\n\n\n\n<li>BRABUS Widestar Carbon Paket I + II + III<\/li>\n\n\n\n<li>BRABUS PowerXtra B40-800 Leistungsupgrade (BR465)<\/li>\n\n\n\n<li>BRABUS Klappensportauspuffanlage \u2013 Schwarz<\/li>\n\n\n\n<li>BRABUS K\u00fchlergrillrahmen in Carbon<\/li>\n\n\n\n<li>BRABUS Doppel-B K\u00fchlergrill-Emblem<\/li>\n\n\n\n<li>BRABUS beleuchtetes K\u00fchlergrill-Logo<\/li>\n\n\n\n<li>BRABUS Dachaufsatz mit LED \u2013 Carbon<\/li>\n\n\n\n<li>BRABUS Motorhaubenaufsatz \u2013 Carbon<\/li>\n\n\n\n<li>BRABUS Heckfl\u00fcgel \u2013 Carbon<\/li>\n\n\n\n<li>BRABUS Reserveradabdeckung \u2013 Carbon<\/li>\n\n\n\n<li>BRABUS 24\" Monoblock ZM Platinum Schmieder\u00e4der<\/li>\n\n\n\n<li>MANUFAKTUR classicgrau uni<\/li>\n\n\n\n<li>Abgedunkelte Leuchteinheiten<\/li>\n\n\n\n<li>Au\u00dfenspiegelgeh\u00e4use in Obsidianschwarz<\/li>\n\n\n\n<li>Sto\u00dff\u00e4nger-Einleger in Obsidianschwarz<\/li>\n\n\n\n<li>Reserveradring lackiert in Obsidianschwarz<\/li>\n\n\n\n<li>Optischer Unterfahrschutz in Obsidianschwarz<\/li>\n\n\n\n<li>MANUFAKTUR Trittbretter in Schwarz<\/li>\n\n\n\n<li>MANUFAKTUR Logo-Paket in Schwarz<\/li>\n\n\n\n<li>MANUFAKTUR Logoprojektor in den Au\u00dfenspiegeln<\/li>\n\n\n\n<li>MANUFAKTUR T\u00fcrknopf Schwarz mit Logo-Pr\u00e4gung<\/li>\n\n\n\n<li>AMG Night-Paket + AMG Night-Paket II<\/li>\n\n\n\n<li>AMG spezifische K\u00fchlerverkleidung in Dark Chrome<\/li>\n\n\n\n<li>AMG Exterieur-Zierelemente in Schwarz<\/li>\n\n\n\n<li>AMG spezifische Abgasanlage in Schwarz<\/li>\n\n\n\n<li>AMG Tankdeckel<\/li>\n\n\n\n<li>Park-Paket mit 360\u00b0-Kamera + \u201eTransparente Motorhaube\u201c<\/li>\n\n\n\n<li>MULTIBEAM LED<\/li>\n\n\n\n<li>W\u00e4rmed\u00e4mmend dunkel get\u00f6ntes Glas<\/li>\n\n\n\n<li>Anh\u00e4ngerkupplung<\/li>\n\n\n\n<li>LOW RANGE<\/li>\n<\/ul>\n\n\n\n<p>BRABUS Interieur &amp; Komfort<\/p>\n\n\n\n<ul class=\"wp-block-list\">\n<li>BRABUS Signature Style Volllederinterieur \u2013 Schwarz \/ Light Blue<\/li>\n\n\n\n<li>BRABUS Sportsitze + komplette BRABUS Lederausstattung<\/li>\n\n\n\n<li>BRABUS Aluminium-Pedalauflagen<\/li>\n\n\n\n<li>BRABUS T\u00fcr-Pin<\/li>\n\n\n\n<li>BRABUS Kofferraummatte \u2013 Schwarz<\/li>\n\n\n\n<li>BRABUS Einstiegsbeleuchtung + Kofferraumbeleuchtung<\/li>\n\n\n\n<li>Bremss\u00e4ttel im Design Light Blue \u2013 Schwarz<\/li>\n\n\n\n<li>Lenkrad im Carbon-Design \/ Mikrofaser MICROCUT<\/li>\n\n\n\n<li>AMG Zierelemente in Carbon<\/li>\n\n\n\n<li>Carbon-L\u00fcftungsd\u00fcsen und Zierleisten<\/li>\n\n\n\n<li>EXCLUSIVE Line Interieur<\/li>\n\n\n\n<li>Innenhimmel in Mikrofaser MICROCUT \u2013 Schwarz<\/li>\n\n\n\n<li>Schiebedach<\/li>\n\n\n\n<li>Sternenhimmel mit Sternschnuppe<\/li>\n\n\n\n<li>Temperierter Cupholder<\/li>\n\n\n\n<li>KEYLESS-GO<\/li>\n\n\n\n<li>Kabelloses Ladesystem vorne<\/li>\n\n\n\n<li>ENERGIZING Paket Plus<\/li>\n\n\n\n<li>Aktiv-Multikontursitz-Paket Plus<\/li>\n\n\n\n<li>Sitzkomfortfunktionen<\/li>\n\n\n\n<li>Standheizung mit Fernbedienung<\/li>\n\n\n\n<li>Armlehnenheizung Fahrer\/Beifahrer<\/li>\n\n\n\n<li>Beheizte Frontscheibe<\/li>\n\n\n\n<li>Lenkradheizung<\/li>\n\n\n\n<li>i-Size Kindersitzbefestigung<\/li>\n\n\n\n<li>Ionisierung der Innenraumluft<\/li>\n\n\n\n<li>Ladekantenschutz aus Edelstahl<\/li>\n\n\n\n<li>Trennnetz<\/li>\n\n\n\n<li>Ambientebeleuchtung<\/li>\n\n\n\n<li>AMG Lenkradtasten<\/li>\n<\/ul>\n\n\n\n<p>Multimedia &amp; Technologie<\/p>\n\n\n\n<ul class=\"wp-block-list\">\n<li>MBUX High-End Fond-Entertainment<\/li>\n\n\n\n<li>MBUX Navigation Premium + Augmented Reality<\/li>\n\n\n\n<li>Erweiterte MBUX Funktionen<\/li>\n\n\n\n<li>MBUX Entertainment + Vorr\u00fcstung Live Traffic<\/li>\n\n\n\n<li>Offroad Cockpit<\/li>\n\n\n\n<li>Offroad Track<\/li>\n\n\n\n<li>Festplatten-Navigation<\/li>\n\n\n\n<li>2 USB-Anschl\u00fcsse im Fond<\/li>\n\n\n\n<li>Smartphone Integration<\/li>\n\n\n\n<li>Burmester\u00ae 3D-Surround-Soundsystem<\/li>\n\n\n\n<li>AMG TRACK PACE<\/li>\n\n\n\n<li>Kommunikationsmodul (LTE)<\/li>\n\n\n\n<li>Digitales Radio \/ Vorr\u00fcstung f\u00fcr DAB<\/li>\n\n\n\n<li>Soundpersonalisierung<\/li>\n<\/ul>\n\n\n\n<p>Sicherheit &amp; Assistenzsysteme<\/p>\n\n\n\n<ul class=\"wp-block-list\">\n<li>GUARD 360\u00b0 Fahrzeugschutz Plus mit Digitalen Extras<\/li>\n\n\n\n<li>Einbruch- und Diebstahlwarnanlage mit Vorr\u00fcstung Kollisionserkennung<\/li>\n\n\n\n<li>Mercedes-Benz Notrufsystem<\/li>\n\n\n\n<li>PRE-SAFE\u00ae System<\/li>\n\n\n\n<li>Reifendruckkontrolle<\/li>\n\n\n\n<li>Assistenz-Paket<\/li>\n\n\n\n<li>Technik-Paket<\/li>\n\n\n\n<li>Aktiver Abstands-Assistent DISTRONIC (Digitales Extra)<\/li>\n\n\n\n<li>Aktiver Lenk-Assistent<\/li>\n\n\n\n<li>Aktiver Spurhalte-Assistent<\/li>\n\n\n\n<li>Totwinkel-Assistent<\/li>\n\n\n\n<li>Aktiver Park-Assistent mit PARKTRONIC<\/li>\n\n\n\n<li>Park-Paket mit 360\u00b0-Kamera<\/li>\n\n\n\n<li>Adaptiver Fernlicht-Assistent Plus<\/li>\n\n\n\n<li>Ausstiegswarnfunktion<\/li>\n<\/ul>\n\n\n\n<p>Antrieb &amp; Fahrwerk<\/p>\n\n\n\n<ul class=\"wp-block-list\">\n<li>BRABUS PowerXtra B40-800 Leistungssteigerung<\/li>\n\n\n\n<li>AMG SPEEDSHIFT TCT 9G Automatikgetriebe<\/li>\n\n\n\n<li>AMG ACTIVE RIDE CONTROL Fahrwerk<\/li>\n\n\n\n<li>100% Differenzialsperren<\/li>\n\n\n\n<li>Abgasreinigung EURO 6<\/li>\n<\/ul>\n","protected":false},"featured_media":21823,"template":"","car-category":[5],"class_list":["post-21620","car","type-car","status-publish","has-post-thumbnail","hentry","car-category-mercedes-benz"],"acf":[],"yoast_head":"<!-- This site is optimized with the Yoast SEO Premium plugin v27.4 (Yoast SEO v27.4) - https:\/\/yoast.com\/product\/yoast-seo-premium-wordpress\/ -->\n<title>MERCEDES-BENZ G 63 AMG BRABUS 800 Signature Carbon I+II+III A22 - Autopoint Budapest<\/title>\n<meta name=\"robots\" content=\"index, follow, max-snippet:-1, max-image-preview:large, max-video-preview:-1\" \/>\n<link rel=\"canonical\" href=\"https:\/\/autopoint.hu\/de\/car\/mercedes-benz-g-63-amg-brabus-800-signature-carbon-iiiiii-a22\" \/>\n<meta property=\"og:locale\" content=\"de_DE\" \/>\n<meta property=\"og:type\" content=\"article\" \/>\n<meta property=\"og:title\" content=\"MERCEDES-BENZ G 63 AMG BRABUS 800 Signature Carbon I+II+III A22\" \/>\n<meta property=\"og:description\" content=\"BRABUS Ausstattungsliste \u2013 Premium Spezifikation BRABUS Exterieur &amp; Aerodynamik BRABUS Interieur &amp; Komfort Multimedia &amp; Technologie Sicherheit &amp; Assistenzsysteme Antrieb &amp; Fahrwerk\" \/>\n<meta property=\"og:url\" content=\"https:\/\/autopoint.hu\/de\/car\/mercedes-benz-g-63-amg-brabus-800-signature-carbon-iiiiii-a22\" \/>\n<meta property=\"og:site_name\" content=\"Autopoint Budapest\" \/>\n<meta property=\"article:publisher\" content=\"https:\/\/www.facebook.com\/autopointbudapest\" \/>\n<meta property=\"article:modified_time\" content=\"2025-12-03T10:01:35+00:00\" \/>\n<meta property=\"og:image\" content=\"https:\/\/autopoint.hu\/wp-content\/uploads\/2025\/11\/DSC05846-1-scaled.jpeg\" \/>\n\t<meta property=\"og:image:width\" content=\"2560\" \/>\n\t<meta property=\"og:image:height\" content=\"1920\" \/>\n\t<meta property=\"og:image:type\" content=\"image\/jpeg\" \/>\n<meta name=\"twitter:card\" content=\"summary_large_image\" \/>\n<meta name=\"twitter:label1\" content=\"Gesch\u00e4tzte Lesezeit\" \/>\n\t<meta name=\"twitter:data1\" content=\"2\u00a0Minuten\" \/>\n<script type=\"application\/ld+json\" class=\"yoast-schema-graph\">{\"@context\":\"https:\\\/\\\/schema.org\",\"@graph\":[{\"@type\":\"WebPage\",\"@id\":\"https:\\\/\\\/autopoint.hu\\\/de\\\/car\\\/mercedes-benz-g-63-amg-brabus-800-signature-carbon-iiiiii-a22\",\"url\":\"https:\\\/\\\/autopoint.hu\\\/de\\\/car\\\/mercedes-benz-g-63-amg-brabus-800-signature-carbon-iiiiii-a22\",\"name\":\"MERCEDES-BENZ G 63 AMG BRABUS 800 Signature Carbon I+II+III A22 - Autopoint Budapest\",\"isPartOf\":{\"@id\":\"https:\\\/\\\/autopoint.hu\\\/#website\"},\"primaryImageOfPage\":{\"@id\":\"https:\\\/\\\/autopoint.hu\\\/de\\\/car\\\/mercedes-benz-g-63-amg-brabus-800-signature-carbon-iiiiii-a22#primaryimage\"},\"image\":{\"@id\":\"https:\\\/\\\/autopoint.hu\\\/de\\\/car\\\/mercedes-benz-g-63-amg-brabus-800-signature-carbon-iiiiii-a22#primaryimage\"},\"thumbnailUrl\":\"https:\\\/\\\/autopoint.hu\\\/wp-content\\\/uploads\\\/2025\\\/11\\\/DSC05846-1-scaled.jpeg\",\"datePublished\":\"2025-11-13T13:13:50+00:00\",\"dateModified\":\"2025-12-03T10:01:35+00:00\",\"breadcrumb\":{\"@id\":\"https:\\\/\\\/autopoint.hu\\\/de\\\/car\\\/mercedes-benz-g-63-amg-brabus-800-signature-carbon-iiiiii-a22#breadcrumb\"},\"inLanguage\":\"de\",\"potentialAction\":[{\"@type\":\"ReadAction\",\"target\":[\"https:\\\/\\\/autopoint.hu\\\/de\\\/car\\\/mercedes-benz-g-63-amg-brabus-800-signature-carbon-iiiiii-a22\"]}]},{\"@type\":\"ImageObject\",\"inLanguage\":\"de\",\"@id\":\"https:\\\/\\\/autopoint.hu\\\/de\\\/car\\\/mercedes-benz-g-63-amg-brabus-800-signature-carbon-iiiiii-a22#primaryimage\",\"url\":\"https:\\\/\\\/autopoint.hu\\\/wp-content\\\/uploads\\\/2025\\\/11\\\/DSC05846-1-scaled.jpeg\",\"contentUrl\":\"https:\\\/\\\/autopoint.hu\\\/wp-content\\\/uploads\\\/2025\\\/11\\\/DSC05846-1-scaled.jpeg\",\"width\":2560,\"height\":1920},{\"@type\":\"BreadcrumbList\",\"@id\":\"https:\\\/\\\/autopoint.hu\\\/de\\\/car\\\/mercedes-benz-g-63-amg-brabus-800-signature-carbon-iiiiii-a22#breadcrumb\",\"itemListElement\":[{\"@type\":\"ListItem\",\"position\":1,\"name\":\"Home\",\"item\":\"https:\\\/\\\/autopoint.hu\\\/de\"},{\"@type\":\"ListItem\",\"position\":2,\"name\":\"Cars\",\"item\":\"https:\\\/\\\/autopoint.hu\\\/keszleten\"},{\"@type\":\"ListItem\",\"position\":3,\"name\":\"MERCEDES-BENZ G 63 AMG BRABUS 800 Signature Carbon I+II+III A22\"}]},{\"@type\":\"WebSite\",\"@id\":\"https:\\\/\\\/autopoint.hu\\\/#website\",\"url\":\"https:\\\/\\\/autopoint.hu\\\/\",\"name\":\"Autopoint Budapest\",\"description\":\"\",\"publisher\":{\"@id\":\"https:\\\/\\\/autopoint.hu\\\/#organization\"},\"alternateName\":\"Autopoint Budapest\",\"potentialAction\":[{\"@type\":\"SearchAction\",\"target\":{\"@type\":\"EntryPoint\",\"urlTemplate\":\"https:\\\/\\\/autopoint.hu\\\/?s={search_term_string}\"},\"query-input\":{\"@type\":\"PropertyValueSpecification\",\"valueRequired\":true,\"valueName\":\"search_term_string\"}}],\"inLanguage\":\"de\"},{\"@type\":\"Organization\",\"@id\":\"https:\\\/\\\/autopoint.hu\\\/#organization\",\"name\":\"Different Quality Kft.\",\"url\":\"https:\\\/\\\/autopoint.hu\\\/\",\"logo\":{\"@type\":\"ImageObject\",\"inLanguage\":\"de\",\"@id\":\"https:\\\/\\\/autopoint.hu\\\/#\\\/schema\\\/logo\\\/image\\\/\",\"url\":\"https:\\\/\\\/autopoint.hu\\\/wp-content\\\/uploads\\\/2024\\\/05\\\/logo-white.svg\",\"contentUrl\":\"https:\\\/\\\/autopoint.hu\\\/wp-content\\\/uploads\\\/2024\\\/05\\\/logo-white.svg\",\"width\":444,\"height\":59,\"caption\":\"Different Quality Kft.\"},\"image\":{\"@id\":\"https:\\\/\\\/autopoint.hu\\\/#\\\/schema\\\/logo\\\/image\\\/\"},\"sameAs\":[\"https:\\\/\\\/www.facebook.com\\\/autopointbudapest\",\"https:\\\/\\\/www.instagram.com\\\/autopoint_budapest\\\/\",\"https:\\\/\\\/www.youtube.com\\\/@autopointbudapest\"]}]}<\/script>\n<!-- \/ Yoast SEO Premium plugin. -->","yoast_head_json":{"title":"MERCEDES-BENZ G 63 AMG BRABUS 800 Signature Carbon I+II+III A22 - Autopoint Budapest","robots":{"index":"index","follow":"follow","max-snippet":"max-snippet:-1","max-image-preview":"max-image-preview:large","max-video-preview":"max-video-preview:-1"},"canonical":"https:\/\/autopoint.hu\/de\/car\/mercedes-benz-g-63-amg-brabus-800-signature-carbon-iiiiii-a22","og_locale":"de_DE","og_type":"article","og_title":"MERCEDES-BENZ G 63 AMG BRABUS 800 Signature Carbon I+II+III A22","og_description":"BRABUS Ausstattungsliste \u2013 Premium Spezifikation BRABUS Exterieur &amp; Aerodynamik BRABUS Interieur &amp; Komfort Multimedia &amp; Technologie Sicherheit &amp; Assistenzsysteme Antrieb &amp; Fahrwerk","og_url":"https:\/\/autopoint.hu\/de\/car\/mercedes-benz-g-63-amg-brabus-800-signature-carbon-iiiiii-a22","og_site_name":"Autopoint Budapest","article_publisher":"https:\/\/www.facebook.com\/autopointbudapest","article_modified_time":"2025-12-03T10:01:35+00:00","og_image":[{"width":2560,"height":1920,"url":"https:\/\/autopoint.hu\/wp-content\/uploads\/2025\/11\/DSC05846-1-scaled.jpeg","type":"image\/jpeg"}],"twitter_card":"summary_large_image","twitter_misc":{"Gesch\u00e4tzte Lesezeit":"2\u00a0Minuten"},"schema":{"@context":"https:\/\/schema.org","@graph":[{"@type":"WebPage","@id":"https:\/\/autopoint.hu\/de\/car\/mercedes-benz-g-63-amg-brabus-800-signature-carbon-iiiiii-a22","url":"https:\/\/autopoint.hu\/de\/car\/mercedes-benz-g-63-amg-brabus-800-signature-carbon-iiiiii-a22","name":"MERCEDES-BENZ G 63 AMG BRABUS 800 Signature Carbon I+II+III A22 - Autopoint Budapest","isPartOf":{"@id":"https:\/\/autopoint.hu\/#website"},"primaryImageOfPage":{"@id":"https:\/\/autopoint.hu\/de\/car\/mercedes-benz-g-63-amg-brabus-800-signature-carbon-iiiiii-a22#primaryimage"},"image":{"@id":"https:\/\/autopoint.hu\/de\/car\/mercedes-benz-g-63-amg-brabus-800-signature-carbon-iiiiii-a22#primaryimage"},"thumbnailUrl":"https:\/\/autopoint.hu\/wp-content\/uploads\/2025\/11\/DSC05846-1-scaled.jpeg","datePublished":"2025-11-13T13:13:50+00:00","dateModified":"2025-12-03T10:01:35+00:00","breadcrumb":{"@id":"https:\/\/autopoint.hu\/de\/car\/mercedes-benz-g-63-amg-brabus-800-signature-carbon-iiiiii-a22#breadcrumb"},"inLanguage":"de","potentialAction":[{"@type":"ReadAction","target":["https:\/\/autopoint.hu\/de\/car\/mercedes-benz-g-63-amg-brabus-800-signature-carbon-iiiiii-a22"]}]},{"@type":"ImageObject","inLanguage":"de","@id":"https:\/\/autopoint.hu\/de\/car\/mercedes-benz-g-63-amg-brabus-800-signature-carbon-iiiiii-a22#primaryimage","url":"https:\/\/autopoint.hu\/wp-content\/uploads\/2025\/11\/DSC05846-1-scaled.jpeg","contentUrl":"https:\/\/autopoint.hu\/wp-content\/uploads\/2025\/11\/DSC05846-1-scaled.jpeg","width":2560,"height":1920},{"@type":"BreadcrumbList","@id":"https:\/\/autopoint.hu\/de\/car\/mercedes-benz-g-63-amg-brabus-800-signature-carbon-iiiiii-a22#breadcrumb","itemListElement":[{"@type":"ListItem","position":1,"name":"Home","item":"https:\/\/autopoint.hu\/de"},{"@type":"ListItem","position":2,"name":"Cars","item":"https:\/\/autopoint.hu\/keszleten"},{"@type":"ListItem","position":3,"name":"MERCEDES-BENZ G 63 AMG BRABUS 800 Signature Carbon I+II+III A22"}]},{"@type":"WebSite","@id":"https:\/\/autopoint.hu\/#website","url":"https:\/\/autopoint.hu\/","name":"Autopoint Budapest","description":"","publisher":{"@id":"https:\/\/autopoint.hu\/#organization"},"alternateName":"Autopoint Budapest","potentialAction":[{"@type":"SearchAction","target":{"@type":"EntryPoint","urlTemplate":"https:\/\/autopoint.hu\/?s={search_term_string}"},"query-input":{"@type":"PropertyValueSpecification","valueRequired":true,"valueName":"search_term_string"}}],"inLanguage":"de"},{"@type":"Organization","@id":"https:\/\/autopoint.hu\/#organization","name":"Different Quality Kft.","url":"https:\/\/autopoint.hu\/","logo":{"@type":"ImageObject","inLanguage":"de","@id":"https:\/\/autopoint.hu\/#\/schema\/logo\/image\/","url":"https:\/\/autopoint.hu\/wp-content\/uploads\/2024\/05\/logo-white.svg","contentUrl":"https:\/\/autopoint.hu\/wp-content\/uploads\/2024\/05\/logo-white.svg","width":444,"height":59,"caption":"Different Quality Kft."},"image":{"@id":"https:\/\/autopoint.hu\/#\/schema\/logo\/image\/"},"sameAs":["https:\/\/www.facebook.com\/autopointbudapest","https:\/\/www.instagram.com\/autopoint_budapest\/","https:\/\/www.youtube.com\/@autopointbudapest"]}]}},"_links":{"self":[{"href":"https:\/\/autopoint.hu\/de\/wp-json\/wp\/v2\/car\/21620","targetHints":{"allow":["GET"]}}],"collection":[{"href":"https:\/\/autopoint.hu\/de\/wp-json\/wp\/v2\/car"}],"about":[{"href":"https:\/\/autopoint.hu\/de\/wp-json\/wp\/v2\/types\/car"}],"wp:featuredmedia":[{"embeddable":true,"href":"https:\/\/autopoint.hu\/de\/wp-json\/wp\/v2\/media\/21823"}],"wp:attachment":[{"href":"https:\/\/autopoint.hu\/de\/wp-json\/wp\/v2\/media?parent=21620"}],"wp:term":[{"taxonomy":"car-category","embeddable":true,"href":"https:\/\/autopoint.hu\/de\/wp-json\/wp\/v2\/car-category?post=21620"}],"curies":[{"name":"wp","href":"https:\/\/api.w.org\/{rel}","templated":true}]}}