{"id":21721,"date":"2025-11-14T09:56:37","date_gmt":"2025-11-14T08:56:37","guid":{"rendered":"https:\/\/autopoint.hu\/?post_type=car&#038;p=21721"},"modified":"2025-12-03T10:57:07","modified_gmt":"2025-12-03T09:57:07","slug":"mercedes-benz-g-63-brabus-800-leather-tiffany-carbon-iiiiii-2","status":"publish","type":"car","link":"https:\/\/autopoint.hu\/de\/car\/mercedes-benz-g-63-brabus-800-leather-tiffany-carbon-iiiiii-2","title":{"rendered":"Mercedes-Benz G 63 Brabus 800 Leather Tiffany Carbon I+II+III"},"content":{"rendered":"\n<p>BRABUS Ausstattung<\/p>\n\n\n\n<ul class=\"wp-block-list\">\n<li>inkl. BRABUS Zertifikate<\/li>\n\n\n\n<li>BRABUS Leistungskit PowerXtra B40-800 (BR465)<\/li>\n\n\n\n<li>BRABUS Widestarbodykit<\/li>\n\n\n\n<li>BRABUS Widestar Carbon Paket I + II + III<\/li>\n\n\n\n<li>BRABUS Klappensportauspuffanlage<\/li>\n\n\n\n<li>BRABUS K\u00fchlergrill Rahmen Carbon<\/li>\n\n\n\n<li>BRABUS Dachaufsatz Carbon mit LED<\/li>\n\n\n\n<li>BRABUS Motorhaubenaufsatz Carbon<\/li>\n\n\n\n<li>BRABUS Heckfl\u00fcgel Carbon<\/li>\n\n\n\n<li>BRABUS Reserveradabdeckung Carbon<\/li>\n\n\n\n<li>BRABUS 24 Zoll Monoblock M Platinum \u2013 schwarz lasiert<\/li>\n\n\n\n<li>BRABUS Doppel B Logo im Frontgrill<\/li>\n\n\n\n<li>BRABUS K\u00fchlergrill Logo beleuchtet<\/li>\n\n\n\n<li>BRABUS Einstiegsbeleuchtung + Kofferraumbeleuchtung<\/li>\n\n\n\n<li>BRABUS Pedalauflagen Aluminium<\/li>\n\n\n\n<li>BRABUS T\u00fcrpin<\/li>\n\n\n\n<li>BRABUS Kofferraummatte schwarz<\/li>\n\n\n\n<li>PDM Light System<\/li>\n\n\n\n<li>Bremsendesign in Mint-Schwarz<\/li>\n<\/ul>\n\n\n\n<p>Interieur<\/p>\n\n\n\n<ul class=\"wp-block-list\">\n<li>Sitze &amp; Interieur in Nappa-Leder Tiffany<\/li>\n\n\n\n<li>Lenkrad in Leder Tiffany \/ Carbon<\/li>\n\n\n\n<li>Zierelemente in Carbon<\/li>\n\n\n\n<li>Sternenhimmel mit Sternschnuppe<\/li>\n<\/ul>\n\n\n\n<p>AMG Ausstattung<\/p>\n\n\n\n<ul class=\"wp-block-list\">\n<li>AMG Night-Paket:\n<ul class=\"wp-block-list\">\n<li>AMG spezifischer K\u00fchlergrill in Dark Chrome<\/li>\n\n\n\n<li>Au\u00dfenspiegelgeh\u00e4use in Obsidianschwarz<\/li>\n\n\n\n<li>Einleger im Sto\u00dff\u00e4nger in Obsidianschwarz<\/li>\n\n\n\n<li>Ersatzradring lackiert in Obsidianschwarz<\/li>\n\n\n\n<li>Abgedunkelte Leuchteinheiten<\/li>\n\n\n\n<li>Optischer Unterschutz in Obsidianschwarz<\/li>\n<\/ul>\n<\/li>\n\n\n\n<li>AMG Night-Paket II:\n<ul class=\"wp-block-list\">\n<li>AMG Wappen auf der Motorhaube in Dark Chrome<\/li>\n\n\n\n<li>Mercedes-Stern vorne und hinten in Hochglanzschwarz<\/li>\n\n\n\n<li>Typografie in Hochglanzschwarz<\/li>\n<\/ul>\n<\/li>\n<\/ul>\n\n\n\n<p>EXCLUSIVE Line Interieur<\/p>\n\n\n\n<ul class=\"wp-block-list\">\n<li>Burmester\u00ae 3D-Surround-Soundsystem<\/li>\n\n\n\n<li>Innenhimmel Mikrofaser MICROCUT schwarz<\/li>\n\n\n\n<li>Schiebedach<\/li>\n<\/ul>\n\n\n\n<p>Exterieur<\/p>\n\n\n\n<ul class=\"wp-block-list\">\n<li>MANUFAKTUR Trittbretter in Schwarz<\/li>\n\n\n\n<li>MANUFAKTUR Logo-Paket in Schwarz<\/li>\n\n\n\n<li>MANUFAKTUR Logoprojektor im Au\u00dfenspiegel<\/li>\n\n\n\n<li>MANUFAKTUR T\u00fcrknopf in Schwarz mit Logo-Pr\u00e4gung<\/li>\n\n\n\n<li>AMG spezifische Abgasanlage in Schwarz<\/li>\n\n\n\n<li>AMG Tankdeckel<\/li>\n\n\n\n<li>Au\u00dfenschutzleisten mit Ziereinlagen in Schwarz<\/li>\n\n\n\n<li>Ersatzrad an der Heckt\u00fcr<\/li>\n\n\n\n<li>LOW RANGE Verteilergetriebe<\/li>\n\n\n\n<li>MULTIBEAM LED-Scheinwerfer<\/li>\n\n\n\n<li>obsidianschwarz metallic<\/li>\n\n\n\n<li>W\u00e4rmed\u00e4mmend dunkel get\u00f6ntes Glas<\/li>\n<\/ul>\n\n\n\n<p>Interieurausstattung<\/p>\n\n\n\n<ul class=\"wp-block-list\">\n<li>AMG Zierelemente in Carbon<\/li>\n\n\n\n<li>Aktiv-Multikontursitz-Paket Plus<\/li>\n\n\n\n<li>ENERGIZING Paket Plus<\/li>\n\n\n\n<li>Sitzkomfortfunktionen<\/li>\n\n\n\n<li>Standheizung<\/li>\n\n\n\n<li>AMG Performance Lenkrad in Carbon-Design \/ Mikrofaser MICROCUT<\/li>\n\n\n\n<li>Armlehnenheizung f\u00fcr Fahrer und Beifahrer<\/li>\n\n\n\n<li>W\u00e4rme-Komfort-Paket<\/li>\n\n\n\n<li>Frontscheibe beheizt<\/li>\n\n\n\n<li>Lenkradheizung<\/li>\n\n\n\n<li>Fernbedienung f\u00fcr Standheizung<\/li>\n\n\n\n<li>Ambientebeleuchtung<\/li>\n\n\n\n<li>AMG Lenkradtasten<\/li>\n\n\n\n<li>i-Size Kindersitzbefestigung<\/li>\n\n\n\n<li>Ionisierung der Innenraumluft<\/li>\n\n\n\n<li>Ladekantenschutz in Edelstahl<\/li>\n\n\n\n<li>Trennnetz<\/li>\n<\/ul>\n\n\n\n<p>Multimedia<\/p>\n\n\n\n<ul class=\"wp-block-list\">\n<li>MBUX High-End Fond-Entertainment<\/li>\n\n\n\n<li>Digitales Extra: AMG TRACK PACE<\/li>\n\n\n\n<li>2 USB-Anschl\u00fcsse im Fond<\/li>\n\n\n\n<li>AMG DYNAMIC SELECT<\/li>\n\n\n\n<li>Digitales Extra: Erweiterte Funktionen MBUX<\/li>\n\n\n\n<li>Digitales Extra: Festplatten-Navigation<\/li>\n\n\n\n<li>Digitales Extra: MBUX Augmented Reality f\u00fcr Navigation<\/li>\n\n\n\n<li>Digitales Extra: MBUX Entertainment<\/li>\n\n\n\n<li>Digitales Extra: MBUX Navigation Premium<\/li>\n\n\n\n<li>Digitales Extra: Offroad Track<\/li>\n\n\n\n<li>Digitales Extra: Remote Services Premium<\/li>\n\n\n\n<li>Digitales Extra: Smartphone Integration<\/li>\n\n\n\n<li>Digitales Extra: Verkehrszeichen-Assistent<\/li>\n\n\n\n<li>Digitales Extra: Vorr\u00fcstung f\u00fcr Live Traffic Information<\/li>\n\n\n\n<li>Digitales Extra: Vorr\u00fcstung f\u00fcr Navigationsdienste<\/li>\n\n\n\n<li>Digitales Radio<\/li>\n\n\n\n<li>Kommunikationsmodul (LTE) f\u00fcr die Nutzung von Digitalen Extras<\/li>\n\n\n\n<li>MBUX Multimediasystem<\/li>\n\n\n\n<li>OFFROAD COCKPIT<\/li>\n\n\n\n<li>Soundpersonalisierung<\/li>\n\n\n\n<li>Vorr\u00fcstung f\u00fcr digitales Radio<\/li>\n<\/ul>\n\n\n\n<p>Sicherheit &amp; Assistenzsysteme<\/p>\n\n\n\n<ul class=\"wp-block-list\">\n<li>Feuerl\u00f6scher<\/li>\n\n\n\n<li>Adaptiver Fernlicht-Assistent Plus<\/li>\n\n\n\n<li>Aktiver Park-Assistent mit PARKTRONIC<\/li>\n\n\n\n<li>Aktiver Spurhalte-Assistent<\/li>\n\n\n\n<li>GUARD 360\u00b0 Fahrzeugschutz Plus mit Digitalen Extras<\/li>\n\n\n\n<li>Einbruch- und Diebstahlwarnanlage mit Vorr\u00fcstung f\u00fcr Kollisionserkennung<\/li>\n\n\n\n<li>Sensorik f\u00fcr Diebstahlwarnanlage<\/li>\n\n\n\n<li>Mercedes-Benz Notrufsystem<\/li>\n\n\n\n<li>Park-Assistent PARKTRONIC<\/li>\n\n\n\n<li>PRE-SAFE\u00ae System<\/li>\n\n\n\n<li>Reifendruckkontrolle<\/li>\n\n\n\n<li>Technik-Paket<\/li>\n\n\n\n<li>Assistenz-Paket:\n<ul class=\"wp-block-list\">\n<li>Aktiver Geschwindigkeitslimit-Assistent<\/li>\n\n\n\n<li>Aktiver Lenk-Assistent<\/li>\n\n\n\n<li>Ausstiegswarnfunktion<\/li>\n\n\n\n<li>Digitales Extra: Aktiver Abstands-Assistent DISTRONIC<\/li>\n\n\n\n<li>Totwinkel-Assistent<\/li>\n<\/ul>\n<\/li>\n\n\n\n<li>Park-Paket mit 360\u00b0-Kamera<\/li>\n\n\n\n<li>360\u00b0-Kamera<\/li>\n\n\n\n<li>Transparente Motorhaube<\/li>\n\n\n\n<li>Warnwesten f\u00fcr Fahrer und Passagiere<\/li>\n<\/ul>\n\n\n\n<p>Antrieb &amp; Fahrwerk<\/p>\n\n\n\n<ul class=\"wp-block-list\">\n<li>AMG ACTIVE RIDE CONTROL Fahrwerk<\/li>\n\n\n\n<li>Abgasreinigung EURO 6 Technik<\/li>\n\n\n\n<li>AMG SPEEDSHIFT TCT 9G Automatikgetriebe<\/li>\n\n\n\n<li>Differentialsperren 100%<\/li>\n<\/ul>\n","protected":false},"featured_media":22706,"template":"","car-category":[5],"class_list":["post-21721","car","type-car","status-publish","has-post-thumbnail","hentry","car-category-mercedes-benz"],"acf":[],"yoast_head":"<!-- This site is optimized with the Yoast SEO Premium plugin v27.4 (Yoast SEO v27.4) - https:\/\/yoast.com\/product\/yoast-seo-premium-wordpress\/ -->\n<title>Mercedes-Benz G 63 Brabus 800 Leather Tiffany Carbon I+II+III - Autopoint Budapest<\/title>\n<meta name=\"robots\" content=\"index, follow, max-snippet:-1, max-image-preview:large, max-video-preview:-1\" \/>\n<link rel=\"canonical\" href=\"https:\/\/autopoint.hu\/de\/car\/mercedes-benz-g-63-brabus-800-leather-tiffany-carbon-iiiiii-2\" \/>\n<meta property=\"og:locale\" content=\"de_DE\" \/>\n<meta property=\"og:type\" content=\"article\" \/>\n<meta property=\"og:title\" content=\"Mercedes-Benz G 63 Brabus 800 Leather Tiffany Carbon I+II+III\" \/>\n<meta property=\"og:description\" content=\"BRABUS Ausstattung Interieur AMG Ausstattung EXCLUSIVE Line Interieur Exterieur Interieurausstattung Multimedia Sicherheit &amp; Assistenzsysteme Antrieb &amp; Fahrwerk\" \/>\n<meta property=\"og:url\" content=\"https:\/\/autopoint.hu\/de\/car\/mercedes-benz-g-63-brabus-800-leather-tiffany-carbon-iiiiii-2\" \/>\n<meta property=\"og:site_name\" content=\"Autopoint Budapest\" \/>\n<meta property=\"article:publisher\" content=\"https:\/\/www.facebook.com\/autopointbudapest\" \/>\n<meta property=\"article:modified_time\" content=\"2025-12-03T09:57:07+00:00\" \/>\n<meta property=\"og:image\" content=\"https:\/\/autopoint.hu\/wp-content\/uploads\/2025\/11\/DSC05321-scaled-1.jpg\" \/>\n\t<meta property=\"og:image:width\" content=\"2338\" \/>\n\t<meta property=\"og:image:height\" content=\"1748\" \/>\n\t<meta property=\"og:image:type\" content=\"image\/jpeg\" \/>\n<meta name=\"twitter:card\" content=\"summary_large_image\" \/>\n<meta name=\"twitter:label1\" content=\"Gesch\u00e4tzte Lesezeit\" \/>\n\t<meta name=\"twitter:data1\" content=\"3\u00a0Minuten\" \/>\n<script type=\"application\/ld+json\" class=\"yoast-schema-graph\">{\"@context\":\"https:\\\/\\\/schema.org\",\"@graph\":[{\"@type\":\"WebPage\",\"@id\":\"https:\\\/\\\/autopoint.hu\\\/de\\\/car\\\/mercedes-benz-g-63-brabus-800-leather-tiffany-carbon-iiiiii-2\",\"url\":\"https:\\\/\\\/autopoint.hu\\\/de\\\/car\\\/mercedes-benz-g-63-brabus-800-leather-tiffany-carbon-iiiiii-2\",\"name\":\"Mercedes-Benz G 63 Brabus 800 Leather Tiffany Carbon I+II+III - Autopoint Budapest\",\"isPartOf\":{\"@id\":\"https:\\\/\\\/autopoint.hu\\\/#website\"},\"primaryImageOfPage\":{\"@id\":\"https:\\\/\\\/autopoint.hu\\\/de\\\/car\\\/mercedes-benz-g-63-brabus-800-leather-tiffany-carbon-iiiiii-2#primaryimage\"},\"image\":{\"@id\":\"https:\\\/\\\/autopoint.hu\\\/de\\\/car\\\/mercedes-benz-g-63-brabus-800-leather-tiffany-carbon-iiiiii-2#primaryimage\"},\"thumbnailUrl\":\"https:\\\/\\\/autopoint.hu\\\/wp-content\\\/uploads\\\/2025\\\/11\\\/DSC05321-scaled-1.jpg\",\"datePublished\":\"2025-11-14T08:56:37+00:00\",\"dateModified\":\"2025-12-03T09:57:07+00:00\",\"breadcrumb\":{\"@id\":\"https:\\\/\\\/autopoint.hu\\\/de\\\/car\\\/mercedes-benz-g-63-brabus-800-leather-tiffany-carbon-iiiiii-2#breadcrumb\"},\"inLanguage\":\"de\",\"potentialAction\":[{\"@type\":\"ReadAction\",\"target\":[\"https:\\\/\\\/autopoint.hu\\\/de\\\/car\\\/mercedes-benz-g-63-brabus-800-leather-tiffany-carbon-iiiiii-2\"]}]},{\"@type\":\"ImageObject\",\"inLanguage\":\"de\",\"@id\":\"https:\\\/\\\/autopoint.hu\\\/de\\\/car\\\/mercedes-benz-g-63-brabus-800-leather-tiffany-carbon-iiiiii-2#primaryimage\",\"url\":\"https:\\\/\\\/autopoint.hu\\\/wp-content\\\/uploads\\\/2025\\\/11\\\/DSC05321-scaled-1.jpg\",\"contentUrl\":\"https:\\\/\\\/autopoint.hu\\\/wp-content\\\/uploads\\\/2025\\\/11\\\/DSC05321-scaled-1.jpg\",\"width\":2338,\"height\":1748},{\"@type\":\"BreadcrumbList\",\"@id\":\"https:\\\/\\\/autopoint.hu\\\/de\\\/car\\\/mercedes-benz-g-63-brabus-800-leather-tiffany-carbon-iiiiii-2#breadcrumb\",\"itemListElement\":[{\"@type\":\"ListItem\",\"position\":1,\"name\":\"Home\",\"item\":\"https:\\\/\\\/autopoint.hu\\\/de\"},{\"@type\":\"ListItem\",\"position\":2,\"name\":\"Cars\",\"item\":\"https:\\\/\\\/autopoint.hu\\\/keszleten\"},{\"@type\":\"ListItem\",\"position\":3,\"name\":\"Mercedes-Benz G 63 Brabus 800 Leather Tiffany Carbon I+II+III\"}]},{\"@type\":\"WebSite\",\"@id\":\"https:\\\/\\\/autopoint.hu\\\/#website\",\"url\":\"https:\\\/\\\/autopoint.hu\\\/\",\"name\":\"Autopoint Budapest\",\"description\":\"\",\"publisher\":{\"@id\":\"https:\\\/\\\/autopoint.hu\\\/#organization\"},\"alternateName\":\"Autopoint Budapest\",\"potentialAction\":[{\"@type\":\"SearchAction\",\"target\":{\"@type\":\"EntryPoint\",\"urlTemplate\":\"https:\\\/\\\/autopoint.hu\\\/?s={search_term_string}\"},\"query-input\":{\"@type\":\"PropertyValueSpecification\",\"valueRequired\":true,\"valueName\":\"search_term_string\"}}],\"inLanguage\":\"de\"},{\"@type\":\"Organization\",\"@id\":\"https:\\\/\\\/autopoint.hu\\\/#organization\",\"name\":\"Different Quality Kft.\",\"url\":\"https:\\\/\\\/autopoint.hu\\\/\",\"logo\":{\"@type\":\"ImageObject\",\"inLanguage\":\"de\",\"@id\":\"https:\\\/\\\/autopoint.hu\\\/#\\\/schema\\\/logo\\\/image\\\/\",\"url\":\"https:\\\/\\\/autopoint.hu\\\/wp-content\\\/uploads\\\/2024\\\/05\\\/logo-white.svg\",\"contentUrl\":\"https:\\\/\\\/autopoint.hu\\\/wp-content\\\/uploads\\\/2024\\\/05\\\/logo-white.svg\",\"width\":444,\"height\":59,\"caption\":\"Different Quality Kft.\"},\"image\":{\"@id\":\"https:\\\/\\\/autopoint.hu\\\/#\\\/schema\\\/logo\\\/image\\\/\"},\"sameAs\":[\"https:\\\/\\\/www.facebook.com\\\/autopointbudapest\",\"https:\\\/\\\/www.instagram.com\\\/autopoint_budapest\\\/\",\"https:\\\/\\\/www.youtube.com\\\/@autopointbudapest\"]}]}<\/script>\n<!-- \/ Yoast SEO Premium plugin. -->","yoast_head_json":{"title":"Mercedes-Benz G 63 Brabus 800 Leather Tiffany Carbon I+II+III - Autopoint Budapest","robots":{"index":"index","follow":"follow","max-snippet":"max-snippet:-1","max-image-preview":"max-image-preview:large","max-video-preview":"max-video-preview:-1"},"canonical":"https:\/\/autopoint.hu\/de\/car\/mercedes-benz-g-63-brabus-800-leather-tiffany-carbon-iiiiii-2","og_locale":"de_DE","og_type":"article","og_title":"Mercedes-Benz G 63 Brabus 800 Leather Tiffany Carbon I+II+III","og_description":"BRABUS Ausstattung Interieur AMG Ausstattung EXCLUSIVE Line Interieur Exterieur Interieurausstattung Multimedia Sicherheit &amp; Assistenzsysteme Antrieb &amp; Fahrwerk","og_url":"https:\/\/autopoint.hu\/de\/car\/mercedes-benz-g-63-brabus-800-leather-tiffany-carbon-iiiiii-2","og_site_name":"Autopoint Budapest","article_publisher":"https:\/\/www.facebook.com\/autopointbudapest","article_modified_time":"2025-12-03T09:57:07+00:00","og_image":[{"width":2338,"height":1748,"url":"https:\/\/autopoint.hu\/wp-content\/uploads\/2025\/11\/DSC05321-scaled-1.jpg","type":"image\/jpeg"}],"twitter_card":"summary_large_image","twitter_misc":{"Gesch\u00e4tzte Lesezeit":"3\u00a0Minuten"},"schema":{"@context":"https:\/\/schema.org","@graph":[{"@type":"WebPage","@id":"https:\/\/autopoint.hu\/de\/car\/mercedes-benz-g-63-brabus-800-leather-tiffany-carbon-iiiiii-2","url":"https:\/\/autopoint.hu\/de\/car\/mercedes-benz-g-63-brabus-800-leather-tiffany-carbon-iiiiii-2","name":"Mercedes-Benz G 63 Brabus 800 Leather Tiffany Carbon I+II+III - Autopoint Budapest","isPartOf":{"@id":"https:\/\/autopoint.hu\/#website"},"primaryImageOfPage":{"@id":"https:\/\/autopoint.hu\/de\/car\/mercedes-benz-g-63-brabus-800-leather-tiffany-carbon-iiiiii-2#primaryimage"},"image":{"@id":"https:\/\/autopoint.hu\/de\/car\/mercedes-benz-g-63-brabus-800-leather-tiffany-carbon-iiiiii-2#primaryimage"},"thumbnailUrl":"https:\/\/autopoint.hu\/wp-content\/uploads\/2025\/11\/DSC05321-scaled-1.jpg","datePublished":"2025-11-14T08:56:37+00:00","dateModified":"2025-12-03T09:57:07+00:00","breadcrumb":{"@id":"https:\/\/autopoint.hu\/de\/car\/mercedes-benz-g-63-brabus-800-leather-tiffany-carbon-iiiiii-2#breadcrumb"},"inLanguage":"de","potentialAction":[{"@type":"ReadAction","target":["https:\/\/autopoint.hu\/de\/car\/mercedes-benz-g-63-brabus-800-leather-tiffany-carbon-iiiiii-2"]}]},{"@type":"ImageObject","inLanguage":"de","@id":"https:\/\/autopoint.hu\/de\/car\/mercedes-benz-g-63-brabus-800-leather-tiffany-carbon-iiiiii-2#primaryimage","url":"https:\/\/autopoint.hu\/wp-content\/uploads\/2025\/11\/DSC05321-scaled-1.jpg","contentUrl":"https:\/\/autopoint.hu\/wp-content\/uploads\/2025\/11\/DSC05321-scaled-1.jpg","width":2338,"height":1748},{"@type":"BreadcrumbList","@id":"https:\/\/autopoint.hu\/de\/car\/mercedes-benz-g-63-brabus-800-leather-tiffany-carbon-iiiiii-2#breadcrumb","itemListElement":[{"@type":"ListItem","position":1,"name":"Home","item":"https:\/\/autopoint.hu\/de"},{"@type":"ListItem","position":2,"name":"Cars","item":"https:\/\/autopoint.hu\/keszleten"},{"@type":"ListItem","position":3,"name":"Mercedes-Benz G 63 Brabus 800 Leather Tiffany Carbon I+II+III"}]},{"@type":"WebSite","@id":"https:\/\/autopoint.hu\/#website","url":"https:\/\/autopoint.hu\/","name":"Autopoint Budapest","description":"","publisher":{"@id":"https:\/\/autopoint.hu\/#organization"},"alternateName":"Autopoint Budapest","potentialAction":[{"@type":"SearchAction","target":{"@type":"EntryPoint","urlTemplate":"https:\/\/autopoint.hu\/?s={search_term_string}"},"query-input":{"@type":"PropertyValueSpecification","valueRequired":true,"valueName":"search_term_string"}}],"inLanguage":"de"},{"@type":"Organization","@id":"https:\/\/autopoint.hu\/#organization","name":"Different Quality Kft.","url":"https:\/\/autopoint.hu\/","logo":{"@type":"ImageObject","inLanguage":"de","@id":"https:\/\/autopoint.hu\/#\/schema\/logo\/image\/","url":"https:\/\/autopoint.hu\/wp-content\/uploads\/2024\/05\/logo-white.svg","contentUrl":"https:\/\/autopoint.hu\/wp-content\/uploads\/2024\/05\/logo-white.svg","width":444,"height":59,"caption":"Different Quality Kft."},"image":{"@id":"https:\/\/autopoint.hu\/#\/schema\/logo\/image\/"},"sameAs":["https:\/\/www.facebook.com\/autopointbudapest","https:\/\/www.instagram.com\/autopoint_budapest\/","https:\/\/www.youtube.com\/@autopointbudapest"]}]}},"_links":{"self":[{"href":"https:\/\/autopoint.hu\/de\/wp-json\/wp\/v2\/car\/21721","targetHints":{"allow":["GET"]}}],"collection":[{"href":"https:\/\/autopoint.hu\/de\/wp-json\/wp\/v2\/car"}],"about":[{"href":"https:\/\/autopoint.hu\/de\/wp-json\/wp\/v2\/types\/car"}],"wp:featuredmedia":[{"embeddable":true,"href":"https:\/\/autopoint.hu\/de\/wp-json\/wp\/v2\/media\/22706"}],"wp:attachment":[{"href":"https:\/\/autopoint.hu\/de\/wp-json\/wp\/v2\/media?parent=21721"}],"wp:term":[{"taxonomy":"car-category","embeddable":true,"href":"https:\/\/autopoint.hu\/de\/wp-json\/wp\/v2\/car-category?post=21721"}],"curies":[{"name":"wp","href":"https:\/\/api.w.org\/{rel}","templated":true}]}}