{"id":22933,"date":"2025-12-12T21:51:13","date_gmt":"2025-12-12T20:51:13","guid":{"rendered":"https:\/\/autopoint.hu\/car\/mercedes-benz-f-63-amg-brabus-b40s-800-masterpiece-peetch"},"modified":"2026-02-13T13:06:13","modified_gmt":"2026-02-13T12:06:13","slug":"mercedes-benz-g-63-amg-brabus-b40s-800-masterpiece-peetch","status":"publish","type":"car","link":"https:\/\/autopoint.hu\/de\/car\/mercedes-benz-g-63-amg-brabus-b40s-800-masterpiece-peetch","title":{"rendered":"Mercedes-Benz G 63 AMG BRABUS B40S-800 Masterpiece Peetch"},"content":{"rendered":"\n<p>Fahrzeugbeschreibung - BRABUS 800 MASTERPIECE<\/p>\n\n\n\n<ul class=\"wp-block-list\">\n<li>BRABUS 800 MASTERPIECE- Interieur PEETCH<\/li>\n\n\n\n<li>BRABUS Leistungskit PowerXtra B40S-800<\/li>\n\n\n\n<li>BRABUS Carbon Klappen-Sportauspuffanlage f\u00fcr G 63 - beleuchtet<\/li>\n\n\n\n<li>BRABUS WIDESTAR f\u00fcr G 63<\/li>\n\n\n\n<li>BRABUS Carbon-Erg\u00e4nzungspaket I + II + III f\u00fcr BRABUS Widestar<\/li>\n\n\n\n<li>BRABUS Motorhaubenaufsatz Carbon gl\u00e4nzend<\/li>\n\n\n\n<li>BRABUS Dachaufsatz Carbon mit LED Fernscheinwerfern<\/li>\n\n\n\n<li>BRABUS Heckfl\u00fcgel Carbonstyle<\/li>\n\n\n\n<li>BRABUS Reserveradabdeckung Carbon<\/li>\n\n\n\n<li>BRABUS Carbon Signature Streifen<\/li>\n\n\n\n<li>BRABUS K\u00fchlergrill-Logo beleuchtet<\/li>\n\n\n\n<li>BRABUS Doppel-B-Logo f\u00fcr Frontgrill<\/li>\n\n\n\n<li>BRABUS Spiegelkappen aus Carbon<\/li>\n\n\n\n<li>BRABUS MASTERPIECE Badging<\/li>\n\n\n\n<li>BRABUS MASTERPIECE Fine Leather Interior- Style Peetch<\/li>\n<\/ul>\n\n\n\n<p>AMG Ausstattung und Pakete<\/p>\n\n\n\n<ul class=\"wp-block-list\">\n<li>AMG Performance-Paket<\/li>\n\n\n\n<li>AMG ACTIVE RIDE CONTROL Fahrwerk<\/li>\n\n\n\n<li>AMG Bremss\u00e4ttel vorn und hinten rot lackiert<\/li>\n\n\n\n<li>AMG Driver's Package<\/li>\n\n\n\n<li>AMG TRACK PACE<\/li>\n\n\n\n<li>AMG Night-Paket\n<ul class=\"wp-block-list\">\n<li>AMG spezifische K\u00fchlerverkleidung in Dark Chrome<\/li>\n\n\n\n<li>Leuchteinheiten abgedunkelt<\/li>\n<\/ul>\n<\/li>\n\n\n\n<li>Komfort-Paket\n<ul class=\"wp-block-list\">\n<li>Cupholder temperiert<\/li>\n\n\n\n<li>Garagentor\u00f6ffner<\/li>\n\n\n\n<li>Kabelloses Ladesystem f\u00fcr mobile Endger\u00e4te vorn<\/li>\n\n\n\n<li>KEYLESS-GO<\/li>\n<\/ul>\n<\/li>\n\n\n\n<li>EXCLUSIVE Line Interieur<\/li>\n<\/ul>\n\n\n\n<p>Exterieur Merkmale<\/p>\n\n\n\n<ul class=\"wp-block-list\">\n<li>T\u00fcrknopf in Schwarz mit Logo-Pr\u00e4gung<\/li>\n\n\n\n<li>AMG Tankdeckel<\/li>\n\n\n\n<li>Au\u00dfenschutzleisten mit Ziereinlagen in Schwarz<\/li>\n\n\n\n<li>Ersatzrad an Heckt\u00fcr<\/li>\n\n\n\n<li>LOW RANGE<\/li>\n\n\n\n<li>MULTIBEAM LED<\/li>\n\n\n\n<li>Umfeldbeleuchtung mit Projektion des AMG Wappens<\/li>\n\n\n\n<li>W\u00e4rmed\u00e4mmend dunkel get\u00f6ntes Glas<\/li>\n<\/ul>\n\n\n\n<p>Interieur Merkmale<\/p>\n\n\n\n<ul class=\"wp-block-list\">\n<li>Aktiv-Multikontursitz-Paket Plus<\/li>\n\n\n\n<li>ENERGIZING Paket Plus<\/li>\n\n\n\n<li>W\u00e4rme-Komfort-Paket\n<ul class=\"wp-block-list\">\n<li>Armlehnenheizung f\u00fcr Fahrer und Beifahrer<\/li>\n\n\n\n<li>Frontscheibe, beheizt<\/li>\n\n\n\n<li>Lenkradheizung<\/li>\n\n\n\n<li>Zusatzheizung<\/li>\n\n\n\n<li>Fernbedienung f\u00fcr Standheizung<\/li>\n<\/ul>\n<\/li>\n\n\n\n<li>Ambientebeleuchtung<\/li>\n\n\n\n<li>Ambientebeleuchtung f\u00fcr die L\u00fcftungsd\u00fcsen<\/li>\n\n\n\n<li>AMG Kombiinstrument<\/li>\n\n\n\n<li>AMG Lenkradtasten<\/li>\n\n\n\n<li>Einstiegsleisten beleuchtet 4-fach in Edelstahl<\/li>\n\n\n\n<li>i-Size Kindersitzbefestigung<\/li>\n\n\n\n<li>Ionisierung der Innenraumluft<\/li>\n\n\n\n<li>Klimatisierungsautomatik THERMOTRONIC<\/li>\n\n\n\n<li>Ladekantenschutz in Edelstahl<\/li>\n\n\n\n<li>Memory Funktion f\u00fcr Sitze und Kopfst\u00fctzen vorn<\/li>\n\n\n\n<li>Sitzheizung im Fond<\/li>\n\n\n\n<li>Trennnetz<\/li>\n\n\n\n<li>Burmester\u00ae 3D-Surround-Soundsystem<\/li>\n\n\n\n<li>Oberteil der Instrumententafel in Leder<\/li>\n\n\n\n<li>Schiebedach<\/li>\n<\/ul>\n\n\n\n<p>Multimedia Merkmale<\/p>\n\n\n\n<ul class=\"wp-block-list\">\n<li>MBUX High-End Fond-Entertainment<\/li>\n\n\n\n<li>2 USB-Anschl\u00fcsse im Fond<\/li>\n\n\n\n<li>AMG DYNAMIC SELECT<\/li>\n\n\n\n<li>Burmester\u00ae 3D-Surround-Soundsystem<\/li>\n\n\n\n<li>Erweiterte Funktionen MBUX<\/li>\n\n\n\n<li>Festplatten-Navigation<\/li>\n\n\n\n<li>MBUX Augmented Reality f\u00fcr Navigation<\/li>\n\n\n\n<li>MBUX Entertainment<\/li>\n\n\n\n<li>MBUX Navigation Premium<\/li>\n\n\n\n<li>Offroad Track<\/li>\n\n\n\n<li>Remote Services Premium<\/li>\n\n\n\n<li>Smartphone Integration<\/li>\n\n\n\n<li>Vorr\u00fcstung f\u00fcr Live Traffic Information<\/li>\n\n\n\n<li>Vorr\u00fcstung f\u00fcr Navigationsdienste<\/li>\n\n\n\n<li>Digitales Radio<\/li>\n\n\n\n<li>Kommunikationsmodul (LTE) f\u00fcr die Nutzung von Digitalen Extras<\/li>\n\n\n\n<li>MBUX Multimediasystem<\/li>\n\n\n\n<li>OFFROAD COCKPIT<\/li>\n\n\n\n<li>Soundpersonalisierung<\/li>\n\n\n\n<li>Vorr\u00fcstung f\u00fcr digitales Radio<\/li>\n<\/ul>\n\n\n\n<p>Assistenzsysteme &amp; Sicherheit<\/p>\n\n\n\n<ul class=\"wp-block-list\">\n<li>Adaptiver Fernlicht-Assistent Plus<\/li>\n\n\n\n<li>Aktiver Park-Assistent mit PARKTRONIC<\/li>\n\n\n\n<li>Aktiver Spurhalte-Assistent<\/li>\n\n\n\n<li>Verkehrszeichen-Assistent<\/li>\n\n\n\n<li>GUARD 360\u00b0 Fahrzeugschutz Plus mit Digitalen Extras\n<ul class=\"wp-block-list\">\n<li>Einbruch- und Diebstahlwarnanlage mit Vorr\u00fcstung f\u00fcr Kollisionserkennung<\/li>\n\n\n\n<li>Sensorik f\u00fcr Diebstahlwarnanlage<\/li>\n<\/ul>\n<\/li>\n\n\n\n<li>Mercedes-Benz Notrufsystem<\/li>\n\n\n\n<li>Park-Assistent PARKTRONIC<\/li>\n\n\n\n<li>PRE-SAFE\u00ae System<\/li>\n\n\n\n<li>Reifendruckkontrolle<\/li>\n\n\n\n<li>Technik-Paket\n<ul class=\"wp-block-list\">\n<li>Assistenz-Paket\n<ul class=\"wp-block-list\">\n<li>Aktiver Geschwindigkeitslimit-Assistent<\/li>\n\n\n\n<li>Aktiver Lenk-Assistent<\/li>\n\n\n\n<li>Ausstiegswarnfunktion<\/li>\n\n\n\n<li>Abstands-Assistent DISTRONIC<\/li>\n\n\n\n<li>Totwinkel-Assistent<\/li>\n<\/ul>\n<\/li>\n<\/ul>\n<\/li>\n\n\n\n<li>Park-Paket mit 360\u00b0-Kamera\n<ul class=\"wp-block-list\">\n<li>360\u00b0-Kamera<\/li>\n\n\n\n<li>Transparente Motorhaube<\/li>\n<\/ul>\n<\/li>\n<\/ul>\n\n\n\n<p>Antrieb &amp; Fahrwerk<\/p>\n\n\n\n<ul class=\"wp-block-list\">\n<li>Abgasreinigung EURO 6 Technik<\/li>\n\n\n\n<li>AMG SPEEDSHIFT TCT 9G<\/li>\n\n\n\n<li>Differentialsperren 100%<\/li>\n<\/ul>\n","protected":false},"featured_media":22826,"template":"","car-category":[],"class_list":["post-22933","car","type-car","status-publish","has-post-thumbnail","hentry"],"acf":[],"yoast_head":"<!-- This site is optimized with the Yoast SEO Premium plugin v27.4 (Yoast SEO v27.4) - https:\/\/yoast.com\/product\/yoast-seo-premium-wordpress\/ -->\n<title>Mercedes-Benz G 63 AMG BRABUS B40S-800 Masterpiece Peetch - Autopoint Budapest<\/title>\n<meta name=\"robots\" content=\"index, follow, max-snippet:-1, max-image-preview:large, max-video-preview:-1\" \/>\n<link rel=\"canonical\" href=\"https:\/\/autopoint.hu\/de\/car\/mercedes-benz-g-63-amg-brabus-b40s-800-masterpiece-peetch\" \/>\n<meta property=\"og:locale\" content=\"de_DE\" \/>\n<meta property=\"og:type\" content=\"article\" \/>\n<meta property=\"og:title\" content=\"Mercedes-Benz G 63 AMG BRABUS B40S-800 Masterpiece Peetch\" \/>\n<meta property=\"og:description\" content=\"Fahrzeugbeschreibung - BRABUS 800 MASTERPIECE AMG Ausstattung und Pakete Exterieur Merkmale Interieur Merkmale Multimedia Merkmale Assistenzsysteme &amp; Sicherheit Antrieb &amp; Fahrwerk\" \/>\n<meta property=\"og:url\" content=\"https:\/\/autopoint.hu\/de\/car\/mercedes-benz-g-63-amg-brabus-b40s-800-masterpiece-peetch\" \/>\n<meta property=\"og:site_name\" content=\"Autopoint Budapest\" \/>\n<meta property=\"article:publisher\" content=\"https:\/\/www.facebook.com\/autopointbudapest\" \/>\n<meta property=\"article:modified_time\" content=\"2026-02-13T12:06:13+00:00\" \/>\n<meta property=\"og:image\" content=\"https:\/\/autopoint.hu\/wp-content\/uploads\/2025\/12\/IMG_6853-scaled.jpeg\" \/>\n\t<meta property=\"og:image:width\" content=\"2560\" \/>\n\t<meta property=\"og:image:height\" content=\"1920\" \/>\n\t<meta property=\"og:image:type\" content=\"image\/jpeg\" \/>\n<meta name=\"twitter:card\" content=\"summary_large_image\" \/>\n<meta name=\"twitter:label1\" content=\"Gesch\u00e4tzte Lesezeit\" \/>\n\t<meta name=\"twitter:data1\" content=\"3\u00a0Minuten\" \/>\n<script type=\"application\/ld+json\" class=\"yoast-schema-graph\">{\"@context\":\"https:\\\/\\\/schema.org\",\"@graph\":[{\"@type\":\"WebPage\",\"@id\":\"https:\\\/\\\/autopoint.hu\\\/de\\\/car\\\/mercedes-benz-g-63-amg-brabus-b40s-800-masterpiece-peetch\",\"url\":\"https:\\\/\\\/autopoint.hu\\\/de\\\/car\\\/mercedes-benz-g-63-amg-brabus-b40s-800-masterpiece-peetch\",\"name\":\"Mercedes-Benz G 63 AMG BRABUS B40S-800 Masterpiece Peetch - Autopoint Budapest\",\"isPartOf\":{\"@id\":\"https:\\\/\\\/autopoint.hu\\\/#website\"},\"primaryImageOfPage\":{\"@id\":\"https:\\\/\\\/autopoint.hu\\\/de\\\/car\\\/mercedes-benz-g-63-amg-brabus-b40s-800-masterpiece-peetch#primaryimage\"},\"image\":{\"@id\":\"https:\\\/\\\/autopoint.hu\\\/de\\\/car\\\/mercedes-benz-g-63-amg-brabus-b40s-800-masterpiece-peetch#primaryimage\"},\"thumbnailUrl\":\"https:\\\/\\\/autopoint.hu\\\/wp-content\\\/uploads\\\/2025\\\/12\\\/IMG_6853-scaled.jpeg\",\"datePublished\":\"2025-12-12T20:51:13+00:00\",\"dateModified\":\"2026-02-13T12:06:13+00:00\",\"breadcrumb\":{\"@id\":\"https:\\\/\\\/autopoint.hu\\\/de\\\/car\\\/mercedes-benz-g-63-amg-brabus-b40s-800-masterpiece-peetch#breadcrumb\"},\"inLanguage\":\"de\",\"potentialAction\":[{\"@type\":\"ReadAction\",\"target\":[\"https:\\\/\\\/autopoint.hu\\\/de\\\/car\\\/mercedes-benz-g-63-amg-brabus-b40s-800-masterpiece-peetch\"]}]},{\"@type\":\"ImageObject\",\"inLanguage\":\"de\",\"@id\":\"https:\\\/\\\/autopoint.hu\\\/de\\\/car\\\/mercedes-benz-g-63-amg-brabus-b40s-800-masterpiece-peetch#primaryimage\",\"url\":\"https:\\\/\\\/autopoint.hu\\\/wp-content\\\/uploads\\\/2025\\\/12\\\/IMG_6853-scaled.jpeg\",\"contentUrl\":\"https:\\\/\\\/autopoint.hu\\\/wp-content\\\/uploads\\\/2025\\\/12\\\/IMG_6853-scaled.jpeg\",\"width\":2560,\"height\":1920},{\"@type\":\"BreadcrumbList\",\"@id\":\"https:\\\/\\\/autopoint.hu\\\/de\\\/car\\\/mercedes-benz-g-63-amg-brabus-b40s-800-masterpiece-peetch#breadcrumb\",\"itemListElement\":[{\"@type\":\"ListItem\",\"position\":1,\"name\":\"Home\",\"item\":\"https:\\\/\\\/autopoint.hu\\\/de\"},{\"@type\":\"ListItem\",\"position\":2,\"name\":\"Cars\",\"item\":\"https:\\\/\\\/autopoint.hu\\\/keszleten\"},{\"@type\":\"ListItem\",\"position\":3,\"name\":\"Mercedes-Benz G 63 AMG BRABUS B40S-800 Masterpiece Peetch\"}]},{\"@type\":\"WebSite\",\"@id\":\"https:\\\/\\\/autopoint.hu\\\/#website\",\"url\":\"https:\\\/\\\/autopoint.hu\\\/\",\"name\":\"Autopoint Budapest\",\"description\":\"\",\"publisher\":{\"@id\":\"https:\\\/\\\/autopoint.hu\\\/#organization\"},\"alternateName\":\"Autopoint Budapest\",\"potentialAction\":[{\"@type\":\"SearchAction\",\"target\":{\"@type\":\"EntryPoint\",\"urlTemplate\":\"https:\\\/\\\/autopoint.hu\\\/?s={search_term_string}\"},\"query-input\":{\"@type\":\"PropertyValueSpecification\",\"valueRequired\":true,\"valueName\":\"search_term_string\"}}],\"inLanguage\":\"de\"},{\"@type\":\"Organization\",\"@id\":\"https:\\\/\\\/autopoint.hu\\\/#organization\",\"name\":\"Different Quality Kft.\",\"url\":\"https:\\\/\\\/autopoint.hu\\\/\",\"logo\":{\"@type\":\"ImageObject\",\"inLanguage\":\"de\",\"@id\":\"https:\\\/\\\/autopoint.hu\\\/#\\\/schema\\\/logo\\\/image\\\/\",\"url\":\"https:\\\/\\\/autopoint.hu\\\/wp-content\\\/uploads\\\/2024\\\/05\\\/logo-white.svg\",\"contentUrl\":\"https:\\\/\\\/autopoint.hu\\\/wp-content\\\/uploads\\\/2024\\\/05\\\/logo-white.svg\",\"width\":444,\"height\":59,\"caption\":\"Different Quality Kft.\"},\"image\":{\"@id\":\"https:\\\/\\\/autopoint.hu\\\/#\\\/schema\\\/logo\\\/image\\\/\"},\"sameAs\":[\"https:\\\/\\\/www.facebook.com\\\/autopointbudapest\",\"https:\\\/\\\/www.instagram.com\\\/autopoint_budapest\\\/\",\"https:\\\/\\\/www.youtube.com\\\/@autopointbudapest\"]}]}<\/script>\n<!-- \/ Yoast SEO Premium plugin. -->","yoast_head_json":{"title":"Mercedes-Benz G 63 AMG BRABUS B40S-800 Masterpiece Peetch - Autopoint Budapest","robots":{"index":"index","follow":"follow","max-snippet":"max-snippet:-1","max-image-preview":"max-image-preview:large","max-video-preview":"max-video-preview:-1"},"canonical":"https:\/\/autopoint.hu\/de\/car\/mercedes-benz-g-63-amg-brabus-b40s-800-masterpiece-peetch","og_locale":"de_DE","og_type":"article","og_title":"Mercedes-Benz G 63 AMG BRABUS B40S-800 Masterpiece Peetch","og_description":"Fahrzeugbeschreibung - BRABUS 800 MASTERPIECE AMG Ausstattung und Pakete Exterieur Merkmale Interieur Merkmale Multimedia Merkmale Assistenzsysteme &amp; Sicherheit Antrieb &amp; Fahrwerk","og_url":"https:\/\/autopoint.hu\/de\/car\/mercedes-benz-g-63-amg-brabus-b40s-800-masterpiece-peetch","og_site_name":"Autopoint Budapest","article_publisher":"https:\/\/www.facebook.com\/autopointbudapest","article_modified_time":"2026-02-13T12:06:13+00:00","og_image":[{"width":2560,"height":1920,"url":"https:\/\/autopoint.hu\/wp-content\/uploads\/2025\/12\/IMG_6853-scaled.jpeg","type":"image\/jpeg"}],"twitter_card":"summary_large_image","twitter_misc":{"Gesch\u00e4tzte Lesezeit":"3\u00a0Minuten"},"schema":{"@context":"https:\/\/schema.org","@graph":[{"@type":"WebPage","@id":"https:\/\/autopoint.hu\/de\/car\/mercedes-benz-g-63-amg-brabus-b40s-800-masterpiece-peetch","url":"https:\/\/autopoint.hu\/de\/car\/mercedes-benz-g-63-amg-brabus-b40s-800-masterpiece-peetch","name":"Mercedes-Benz G 63 AMG BRABUS B40S-800 Masterpiece Peetch - Autopoint Budapest","isPartOf":{"@id":"https:\/\/autopoint.hu\/#website"},"primaryImageOfPage":{"@id":"https:\/\/autopoint.hu\/de\/car\/mercedes-benz-g-63-amg-brabus-b40s-800-masterpiece-peetch#primaryimage"},"image":{"@id":"https:\/\/autopoint.hu\/de\/car\/mercedes-benz-g-63-amg-brabus-b40s-800-masterpiece-peetch#primaryimage"},"thumbnailUrl":"https:\/\/autopoint.hu\/wp-content\/uploads\/2025\/12\/IMG_6853-scaled.jpeg","datePublished":"2025-12-12T20:51:13+00:00","dateModified":"2026-02-13T12:06:13+00:00","breadcrumb":{"@id":"https:\/\/autopoint.hu\/de\/car\/mercedes-benz-g-63-amg-brabus-b40s-800-masterpiece-peetch#breadcrumb"},"inLanguage":"de","potentialAction":[{"@type":"ReadAction","target":["https:\/\/autopoint.hu\/de\/car\/mercedes-benz-g-63-amg-brabus-b40s-800-masterpiece-peetch"]}]},{"@type":"ImageObject","inLanguage":"de","@id":"https:\/\/autopoint.hu\/de\/car\/mercedes-benz-g-63-amg-brabus-b40s-800-masterpiece-peetch#primaryimage","url":"https:\/\/autopoint.hu\/wp-content\/uploads\/2025\/12\/IMG_6853-scaled.jpeg","contentUrl":"https:\/\/autopoint.hu\/wp-content\/uploads\/2025\/12\/IMG_6853-scaled.jpeg","width":2560,"height":1920},{"@type":"BreadcrumbList","@id":"https:\/\/autopoint.hu\/de\/car\/mercedes-benz-g-63-amg-brabus-b40s-800-masterpiece-peetch#breadcrumb","itemListElement":[{"@type":"ListItem","position":1,"name":"Home","item":"https:\/\/autopoint.hu\/de"},{"@type":"ListItem","position":2,"name":"Cars","item":"https:\/\/autopoint.hu\/keszleten"},{"@type":"ListItem","position":3,"name":"Mercedes-Benz G 63 AMG BRABUS B40S-800 Masterpiece Peetch"}]},{"@type":"WebSite","@id":"https:\/\/autopoint.hu\/#website","url":"https:\/\/autopoint.hu\/","name":"Autopoint Budapest","description":"","publisher":{"@id":"https:\/\/autopoint.hu\/#organization"},"alternateName":"Autopoint Budapest","potentialAction":[{"@type":"SearchAction","target":{"@type":"EntryPoint","urlTemplate":"https:\/\/autopoint.hu\/?s={search_term_string}"},"query-input":{"@type":"PropertyValueSpecification","valueRequired":true,"valueName":"search_term_string"}}],"inLanguage":"de"},{"@type":"Organization","@id":"https:\/\/autopoint.hu\/#organization","name":"Different Quality Kft.","url":"https:\/\/autopoint.hu\/","logo":{"@type":"ImageObject","inLanguage":"de","@id":"https:\/\/autopoint.hu\/#\/schema\/logo\/image\/","url":"https:\/\/autopoint.hu\/wp-content\/uploads\/2024\/05\/logo-white.svg","contentUrl":"https:\/\/autopoint.hu\/wp-content\/uploads\/2024\/05\/logo-white.svg","width":444,"height":59,"caption":"Different Quality Kft."},"image":{"@id":"https:\/\/autopoint.hu\/#\/schema\/logo\/image\/"},"sameAs":["https:\/\/www.facebook.com\/autopointbudapest","https:\/\/www.instagram.com\/autopoint_budapest\/","https:\/\/www.youtube.com\/@autopointbudapest"]}]}},"_links":{"self":[{"href":"https:\/\/autopoint.hu\/de\/wp-json\/wp\/v2\/car\/22933","targetHints":{"allow":["GET"]}}],"collection":[{"href":"https:\/\/autopoint.hu\/de\/wp-json\/wp\/v2\/car"}],"about":[{"href":"https:\/\/autopoint.hu\/de\/wp-json\/wp\/v2\/types\/car"}],"wp:featuredmedia":[{"embeddable":true,"href":"https:\/\/autopoint.hu\/de\/wp-json\/wp\/v2\/media\/22826"}],"wp:attachment":[{"href":"https:\/\/autopoint.hu\/de\/wp-json\/wp\/v2\/media?parent=22933"}],"wp:term":[{"taxonomy":"car-category","embeddable":true,"href":"https:\/\/autopoint.hu\/de\/wp-json\/wp\/v2\/car-category?post=22933"}],"curies":[{"name":"wp","href":"https:\/\/api.w.org\/{rel}","templated":true}]}}