{"id":24507,"date":"2025-12-15T16:34:06","date_gmt":"2025-12-15T15:34:06","guid":{"rendered":"https:\/\/autopoint.hu\/car\/mercedes-benz-g-63-amg-brabus-800-leather-mandarinestarlight"},"modified":"2026-02-13T13:07:47","modified_gmt":"2026-02-13T12:07:47","slug":"mercedes-benz-g-63-amg-brabus-800-leather-mandarinestarlight","status":"publish","type":"car","link":"https:\/\/autopoint.hu\/de\/car\/mercedes-benz-g-63-amg-brabus-800-leather-mandarinestarlight","title":{"rendered":"MERCEDES-BENZ G 63 AMG Brabus 800 'Leather Mandarine'Starlight'"},"content":{"rendered":"\n<p>Fahrzeugbeschreibung<\/p>\n\n\n\n<p>inkl. BRABUS Zertifikate<\/p>\n\n\n\n<ul class=\"wp-block-list\">\n<li>BRABUS PowerXtra B40-800 performance kit (BR465)<ul><li>BRABUS Widestar body kit<\/li><\/ul><ul><li>BRABUS valve-operated sport exhaust system, black<\/li><\/ul><ul><li>BRABUS carbon fiber LED roof attachment<\/li><\/ul><ul><li>BRABUS carbon fiber hood attachment<\/li><\/ul><ul><li>BRABUS carbon fiber trunk lid<\/li><\/ul><ul><li>BRABUS glossy black rear wing<\/li><\/ul><ul><li>BRABUS 24-inch glossy black platinum grille<\/li><\/ul><ul><li>BRABUS double B logo front grille<\/li><\/ul><ul><li>BRABUS illuminated grille logo<\/li><\/ul><ul><li>BRABUS entry lighting<\/li><\/ul><ul><li>BRABUS aluminum pedal pads<\/li><\/ul><ul><li>BRABUS door pins<\/li><\/ul><ul><li>BRABUS floor mats<\/li><\/ul><ul><li>BRABUS trunk mat<\/li><\/ul><ul><li>PDM Light System<\/li><\/ul><ul><li>Orange-black brake design<\/li><\/ul><ul><li>Black-painted interior details<\/li><\/ul><ul><li>Carbon fiber air vents<\/li><\/ul><ul><li>Seats + interior in tangerine nappa leather<\/li><\/ul>\n<ul class=\"wp-block-list\">\n<li>Nappa leather starry sky with LEDs and shooting stars<\/li>\n<\/ul>\n<\/li>\n<\/ul>\n\n\n\n<p>Serienausstattung<\/p>\n\n\n\n<ul class=\"wp-block-list\">\n<li>Ambiente-Beleuchtung<\/li>\n\n\n\n<li>Ambiente-Beleuchtung f\u00fcr L\u00fcfterd\u00fcsen<\/li>\n\n\n\n<li>Anh\u00e4ngerkupplung Vorbereitung<\/li>\n\n\n\n<li>Antriebsart: Allradantrieb<\/li>\n\n\n\n<li>Au\u00dfenspiegel mit aktivem Totwinkel-Assistent<\/li>\n\n\n\n<li>Au\u00dfenspiegel mit Umfeldleuchte und Projektionsfunktion<\/li>\n\n\n\n<li>Bremsanlage mit gro\u00dfen Bremsscheiben (Hochleistungs-Bremssystem)<\/li>\n\n\n\n<li>DAB-Tuner (Radioempfang digital)<\/li>\n\n\n\n<li>Diebstahlschutz-Paket Plus<\/li>\n\n\n\n<li>Diebstahl-Warnanlage<\/li>\n\n\n\n<li>Innenraumabsicherung f\u00fcr Diebstahl-Warnanlage<\/li>\n\n\n\n<li>Differentialsperren<\/li>\n\n\n\n<li>Elektromotor 15 kW (Hybridantrieb)<\/li>\n\n\n\n<li>Fahrassistenz-System: Agility Select \/ Dynamic Select (Fahrmodusschalter)<\/li>\n\n\n\n<li>Fahrassistenz-System: aktiver Park-Assistent<\/li>\n\n\n\n<li>Fahrassistenz-System: Off-Road-Fahrprogramm (Offroad Track)<\/li>\n\n\n\n<li>Fahrassistenz-System: Verkehrs-Informations-System Live Traffic<\/li>\n\n\n\n<li>Fahrwerk mit adaptivem D\u00e4mpfersystem<\/li>\n\n\n\n<li>Fu\u00dfmatten AMG<\/li>\n\n\n\n<li>Gel\u00e4ndeuntersetzung<\/li>\n\n\n\n<li>Gep\u00e4ckraum-Abtrennung (Netz)<\/li>\n\n\n\n<li>Getriebe Automatik - (9-Stufen)<\/li>\n\n\n\n<li>Innenhimmel Mikrofaser<\/li>\n\n\n\n<li>Ionisator zur Luftreinigung<\/li>\n\n\n\n<li>Isofix-Aufnahmen f\u00fcr Kindersitz an R\u00fccksitz<\/li>\n\n\n\n<li>Karosserie: 5-t\u00fcrig<\/li>\n\n\n\n<li>Klimaautomatik (Thermotronik)<\/li>\n\n\n\n<li>Kommunikationsmodul (LTE) Vorbereitung Mercedes me connect<\/li>\n\n\n\n<li>Mercedes-Benz Notrufsystem<\/li>\n\n\n\n<li>Metallic-Lackierung<\/li>\n\n\n\n<li>Mild-Hybrid 445 kW (Motor 4,0 Ltr. - 430 kW)<\/li>\n\n\n\n<li>Multibeam LED<\/li>\n\n\n\n<li>Fahrassistenz-System: Fernlichtassistent Adaptive plus<\/li>\n\n\n\n<li>Multimediasystem MBUX<\/li>\n\n\n\n<li>Navigationssystem: Festplattennavigation<\/li>\n\n\n\n<li>Parktronic-System PTS (vorn und hinten)<\/li>\n\n\n\n<li>PRE-SAFE-System<\/li>\n\n\n\n<li>Radstand 2890 mm<\/li>\n\n\n\n<li>Reifendruck-Kontrollsystem<\/li>\n\n\n\n<li>Reserveradtr\u00e4ger am Heck<\/li>\n\n\n\n<li>R\u00fcckfahrkamera<\/li>\n\n\n\n<li>Schadstoffarm nach Abgasnorm Euro 6e<\/li>\n\n\n\n<li>Schiebe-\/Hebedach elektrisch (Glas)<\/li>\n\n\n\n<li>Seitenairbag (Sidebag) hinten<\/li>\n\n\n\n<li>Seitenscheiben hinten und Heckscheibe abgedunkelt<\/li>\n\n\n\n<li>Service-System: MBUX Augmented Reality f\u00fcr Navigation<\/li>\n\n\n\n<li>Service-System: MBUX Navigation Premium<\/li>\n\n\n\n<li>Sitz vorn links elektr. verstellbar (mit Memory)<\/li>\n\n\n\n<li>Sitz vorn rechts elektr. verstellbar (mit Memory)<\/li>\n\n\n\n<li>Sitzheizung hinten<\/li>\n\n\n\n<li>Sitzheizung vorn<\/li>\n\n\n\n<li>Smartphone integriert<\/li>\n\n\n\n<li>Smartphone Schnittstelle (Android Auto)<\/li>\n\n\n\n<li>Smartphone Schnittstelle (Apple CarPlay)<\/li>\n\n\n\n<li>Sprachbediensystem Erweiterte Funktionen (MBUX)<\/li>\n\n\n\n<li>Surround-System Burmester<\/li>\n\n\n\n<li>Sound-System mit Soundpersonalisierung<\/li>\n\n\n\n<li>Multimediasystem MBUX Entertainment<\/li>\n\n\n\n<li>Tankdeckel AMG<\/li>\n\n\n\n<li>Technik-Paket<\/li>\n\n\n\n<li>Park-Paket mit 360\u00b0 Kamera<\/li>\n\n\n\n<li>Kamerasystem 360 Grad<\/li>\n\n\n\n<li>Assistenz-Paket<\/li>\n\n\n\n<li>Au\u00dfenspiegel mit Totwinkel-Assistent<\/li>\n\n\n\n<li>Tempomat mit Abstandsregelung \/ Distronic Plus mit Stop&amp;Go-Funktion<\/li>\n\n\n\n<li>Fahrassistenz-System: aktiver Geschwindigkeitslimit-Assistent<\/li>\n\n\n\n<li>Streckenbasierte Geschwindigkeitsanpassung<\/li>\n\n\n\n<li>Fahrassistenz-System: Offroad Kamerasystem vorn (Motorhaube transparent)<\/li>\n\n\n\n<li>Fahrassistenz-System: Ausstiegswarnung<\/li>\n\n\n\n<li>Fahrassistenz-System: Verkehrszeichenerkennung<\/li>\n\n\n\n<li>Fahrassistenz-System: aktiver Spurhalteassistent<\/li>\n\n\n\n<li>Fahrassistenz-System: aktiver Lenk-Assistent<\/li>\n\n\n\n<li>Erweitertes Wiederanfahren (automatisiert)<\/li>\n\n\n\n<li>USB-Anschluss im Fond<\/li>\n\n\n\n<li>Vorr\u00fcstung Dachtr\u00e4gersystem<\/li>\n\n\n\n<li>Vorr\u00fcstung Digitales Radio<\/li>\n\n\n\n<li>Vorr\u00fcstung Navigationsdienste<\/li>\n<\/ul>\n\n\n\n<p>Sonderausstattung<\/p>\n\n\n\n<ul class=\"wp-block-list\">\n<li>Infotainment-System: Remote Services Premium<\/li>\n\n\n\n<li>Innenausstattung: Zierteile Carbon (AMG)<\/li>\n\n\n\n<li>Komfort-Paket<\/li>\n\n\n\n<li>Sender f\u00fcr Garagentor\u00f6ffner (integriert)<\/li>\n\n\n\n<li>R\u00fccksitzlehne geteilt \/ klappbar<\/li>\n\n\n\n<li>Getr\u00e4nkehalter mit K\u00fchlfunktion \/ W\u00e4rmefunktion<\/li>\n\n\n\n<li>Induktionsladeschale f\u00fcr Smartphone<\/li>\n\n\n\n<li>Lenkrad (AMG Performance, Carbon \/ Dinamica)<\/li>\n\n\n\n<li>Multimediasystem (Connect 20 Premium)<\/li>\n\n\n\n<li>Night-Paket (AMG)<\/li>\n\n\n\n<li>Unterfahrschutz (Schwarz, magno)<\/li>\n\n\n\n<li>Reserverad-Abdeckung Schwarz magno<\/li>\n\n\n\n<li>Au\u00dfenspiegel schwarz lackiert<\/li>\n\n\n\n<li>Scheinwerfer mit abgedunkelten Hintergrund<\/li>\n\n\n\n<li>Sport-Fahrwerk (AMG Active Ride Control)<\/li>\n\n\n\n<li>Superior Interieur<\/li>\n\n\n\n<li>Multikontursitz-Paket Aktiv Plus<\/li>\n\n\n\n<li>Schiebe-\/Hebedach elektrisch (Glas)<\/li>\n\n\n\n<li>Surround-System Burmester<\/li>\n\n\n\n<li>Sound-System mit Soundpersonalisierung<\/li>\n\n\n\n<li>Multimediasystem MBUX Entertainment<\/li>\n\n\n\n<li>Ionisator zur Luftreinigung<\/li>\n\n\n\n<li>Sitzbezug \/ Polsterung: Leder Nappa schwarz<\/li>\n\n\n\n<li>Ambiente-Beleuchtung f\u00fcr L\u00fcfterd\u00fcsen<\/li>\n\n\n\n<li>Trittbretter seitlich (schwarz)<\/li>\n<\/ul>\n","protected":false},"featured_media":24516,"template":"","car-category":[5],"class_list":["post-24507","car","type-car","status-publish","has-post-thumbnail","hentry","car-category-mercedes-benz"],"acf":[],"yoast_head":"<!-- This site is optimized with the Yoast SEO Premium plugin v27.4 (Yoast SEO v27.4) - https:\/\/yoast.com\/product\/yoast-seo-premium-wordpress\/ -->\n<title>MERCEDES-BENZ G 63 AMG Brabus 800 &#039;Leather Mandarine&#039;Starlight&#039; - Autopoint Budapest<\/title>\n<meta name=\"robots\" content=\"index, follow, max-snippet:-1, max-image-preview:large, max-video-preview:-1\" \/>\n<link rel=\"canonical\" href=\"https:\/\/autopoint.hu\/de\/car\/mercedes-benz-g-63-amg-brabus-800-leather-mandarinestarlight\" \/>\n<meta property=\"og:locale\" content=\"de_DE\" \/>\n<meta property=\"og:type\" content=\"article\" \/>\n<meta property=\"og:title\" content=\"MERCEDES-BENZ G 63 AMG Brabus 800 &#039;Leather Mandarine&#039;Starlight&#039;\" \/>\n<meta property=\"og:description\" content=\"Fahrzeugbeschreibung inkl. BRABUS Zertifikate Serienausstattung Sonderausstattung\" \/>\n<meta property=\"og:url\" content=\"https:\/\/autopoint.hu\/de\/car\/mercedes-benz-g-63-amg-brabus-800-leather-mandarinestarlight\" \/>\n<meta property=\"og:site_name\" content=\"Autopoint Budapest\" \/>\n<meta property=\"article:publisher\" content=\"https:\/\/www.facebook.com\/autopointbudapest\" \/>\n<meta property=\"article:modified_time\" content=\"2026-02-13T12:07:47+00:00\" \/>\n<meta property=\"og:image\" content=\"https:\/\/autopoint.hu\/wp-content\/uploads\/2025\/12\/IMG_4892-scaled.jpg\" \/>\n\t<meta property=\"og:image:width\" content=\"2560\" \/>\n\t<meta property=\"og:image:height\" content=\"1920\" \/>\n\t<meta property=\"og:image:type\" content=\"image\/jpeg\" \/>\n<meta name=\"twitter:card\" content=\"summary_large_image\" \/>\n<meta name=\"twitter:label1\" content=\"Gesch\u00e4tzte Lesezeit\" \/>\n\t<meta name=\"twitter:data1\" content=\"3\u00a0Minuten\" \/>\n<script type=\"application\/ld+json\" class=\"yoast-schema-graph\">{\"@context\":\"https:\\\/\\\/schema.org\",\"@graph\":[{\"@type\":\"WebPage\",\"@id\":\"https:\\\/\\\/autopoint.hu\\\/de\\\/car\\\/mercedes-benz-g-63-amg-brabus-800-leather-mandarinestarlight\",\"url\":\"https:\\\/\\\/autopoint.hu\\\/de\\\/car\\\/mercedes-benz-g-63-amg-brabus-800-leather-mandarinestarlight\",\"name\":\"MERCEDES-BENZ G 63 AMG Brabus 800 'Leather Mandarine'Starlight' - Autopoint Budapest\",\"isPartOf\":{\"@id\":\"https:\\\/\\\/autopoint.hu\\\/#website\"},\"primaryImageOfPage\":{\"@id\":\"https:\\\/\\\/autopoint.hu\\\/de\\\/car\\\/mercedes-benz-g-63-amg-brabus-800-leather-mandarinestarlight#primaryimage\"},\"image\":{\"@id\":\"https:\\\/\\\/autopoint.hu\\\/de\\\/car\\\/mercedes-benz-g-63-amg-brabus-800-leather-mandarinestarlight#primaryimage\"},\"thumbnailUrl\":\"https:\\\/\\\/autopoint.hu\\\/wp-content\\\/uploads\\\/2025\\\/12\\\/IMG_4892-scaled.jpg\",\"datePublished\":\"2025-12-15T15:34:06+00:00\",\"dateModified\":\"2026-02-13T12:07:47+00:00\",\"breadcrumb\":{\"@id\":\"https:\\\/\\\/autopoint.hu\\\/de\\\/car\\\/mercedes-benz-g-63-amg-brabus-800-leather-mandarinestarlight#breadcrumb\"},\"inLanguage\":\"de\",\"potentialAction\":[{\"@type\":\"ReadAction\",\"target\":[\"https:\\\/\\\/autopoint.hu\\\/de\\\/car\\\/mercedes-benz-g-63-amg-brabus-800-leather-mandarinestarlight\"]}]},{\"@type\":\"ImageObject\",\"inLanguage\":\"de\",\"@id\":\"https:\\\/\\\/autopoint.hu\\\/de\\\/car\\\/mercedes-benz-g-63-amg-brabus-800-leather-mandarinestarlight#primaryimage\",\"url\":\"https:\\\/\\\/autopoint.hu\\\/wp-content\\\/uploads\\\/2025\\\/12\\\/IMG_4892-scaled.jpg\",\"contentUrl\":\"https:\\\/\\\/autopoint.hu\\\/wp-content\\\/uploads\\\/2025\\\/12\\\/IMG_4892-scaled.jpg\",\"width\":2560,\"height\":1920},{\"@type\":\"BreadcrumbList\",\"@id\":\"https:\\\/\\\/autopoint.hu\\\/de\\\/car\\\/mercedes-benz-g-63-amg-brabus-800-leather-mandarinestarlight#breadcrumb\",\"itemListElement\":[{\"@type\":\"ListItem\",\"position\":1,\"name\":\"Home\",\"item\":\"https:\\\/\\\/autopoint.hu\\\/de\"},{\"@type\":\"ListItem\",\"position\":2,\"name\":\"Cars\",\"item\":\"https:\\\/\\\/autopoint.hu\\\/keszleten\"},{\"@type\":\"ListItem\",\"position\":3,\"name\":\"MERCEDES-BENZ G 63 AMG Brabus 800 'Leather Mandarine'Starlight'\"}]},{\"@type\":\"WebSite\",\"@id\":\"https:\\\/\\\/autopoint.hu\\\/#website\",\"url\":\"https:\\\/\\\/autopoint.hu\\\/\",\"name\":\"Autopoint Budapest\",\"description\":\"\",\"publisher\":{\"@id\":\"https:\\\/\\\/autopoint.hu\\\/#organization\"},\"alternateName\":\"Autopoint Budapest\",\"potentialAction\":[{\"@type\":\"SearchAction\",\"target\":{\"@type\":\"EntryPoint\",\"urlTemplate\":\"https:\\\/\\\/autopoint.hu\\\/?s={search_term_string}\"},\"query-input\":{\"@type\":\"PropertyValueSpecification\",\"valueRequired\":true,\"valueName\":\"search_term_string\"}}],\"inLanguage\":\"de\"},{\"@type\":\"Organization\",\"@id\":\"https:\\\/\\\/autopoint.hu\\\/#organization\",\"name\":\"Different Quality Kft.\",\"url\":\"https:\\\/\\\/autopoint.hu\\\/\",\"logo\":{\"@type\":\"ImageObject\",\"inLanguage\":\"de\",\"@id\":\"https:\\\/\\\/autopoint.hu\\\/#\\\/schema\\\/logo\\\/image\\\/\",\"url\":\"https:\\\/\\\/autopoint.hu\\\/wp-content\\\/uploads\\\/2024\\\/05\\\/logo-white.svg\",\"contentUrl\":\"https:\\\/\\\/autopoint.hu\\\/wp-content\\\/uploads\\\/2024\\\/05\\\/logo-white.svg\",\"width\":444,\"height\":59,\"caption\":\"Different Quality Kft.\"},\"image\":{\"@id\":\"https:\\\/\\\/autopoint.hu\\\/#\\\/schema\\\/logo\\\/image\\\/\"},\"sameAs\":[\"https:\\\/\\\/www.facebook.com\\\/autopointbudapest\",\"https:\\\/\\\/www.instagram.com\\\/autopoint_budapest\\\/\",\"https:\\\/\\\/www.youtube.com\\\/@autopointbudapest\"]}]}<\/script>\n<!-- \/ Yoast SEO Premium plugin. -->","yoast_head_json":{"title":"MERCEDES-BENZ G 63 AMG Brabus 800 'Leather Mandarine'Starlight' - Autopoint Budapest","robots":{"index":"index","follow":"follow","max-snippet":"max-snippet:-1","max-image-preview":"max-image-preview:large","max-video-preview":"max-video-preview:-1"},"canonical":"https:\/\/autopoint.hu\/de\/car\/mercedes-benz-g-63-amg-brabus-800-leather-mandarinestarlight","og_locale":"de_DE","og_type":"article","og_title":"MERCEDES-BENZ G 63 AMG Brabus 800 'Leather Mandarine'Starlight'","og_description":"Fahrzeugbeschreibung inkl. BRABUS Zertifikate Serienausstattung Sonderausstattung","og_url":"https:\/\/autopoint.hu\/de\/car\/mercedes-benz-g-63-amg-brabus-800-leather-mandarinestarlight","og_site_name":"Autopoint Budapest","article_publisher":"https:\/\/www.facebook.com\/autopointbudapest","article_modified_time":"2026-02-13T12:07:47+00:00","og_image":[{"width":2560,"height":1920,"url":"https:\/\/autopoint.hu\/wp-content\/uploads\/2025\/12\/IMG_4892-scaled.jpg","type":"image\/jpeg"}],"twitter_card":"summary_large_image","twitter_misc":{"Gesch\u00e4tzte Lesezeit":"3\u00a0Minuten"},"schema":{"@context":"https:\/\/schema.org","@graph":[{"@type":"WebPage","@id":"https:\/\/autopoint.hu\/de\/car\/mercedes-benz-g-63-amg-brabus-800-leather-mandarinestarlight","url":"https:\/\/autopoint.hu\/de\/car\/mercedes-benz-g-63-amg-brabus-800-leather-mandarinestarlight","name":"MERCEDES-BENZ G 63 AMG Brabus 800 'Leather Mandarine'Starlight' - Autopoint Budapest","isPartOf":{"@id":"https:\/\/autopoint.hu\/#website"},"primaryImageOfPage":{"@id":"https:\/\/autopoint.hu\/de\/car\/mercedes-benz-g-63-amg-brabus-800-leather-mandarinestarlight#primaryimage"},"image":{"@id":"https:\/\/autopoint.hu\/de\/car\/mercedes-benz-g-63-amg-brabus-800-leather-mandarinestarlight#primaryimage"},"thumbnailUrl":"https:\/\/autopoint.hu\/wp-content\/uploads\/2025\/12\/IMG_4892-scaled.jpg","datePublished":"2025-12-15T15:34:06+00:00","dateModified":"2026-02-13T12:07:47+00:00","breadcrumb":{"@id":"https:\/\/autopoint.hu\/de\/car\/mercedes-benz-g-63-amg-brabus-800-leather-mandarinestarlight#breadcrumb"},"inLanguage":"de","potentialAction":[{"@type":"ReadAction","target":["https:\/\/autopoint.hu\/de\/car\/mercedes-benz-g-63-amg-brabus-800-leather-mandarinestarlight"]}]},{"@type":"ImageObject","inLanguage":"de","@id":"https:\/\/autopoint.hu\/de\/car\/mercedes-benz-g-63-amg-brabus-800-leather-mandarinestarlight#primaryimage","url":"https:\/\/autopoint.hu\/wp-content\/uploads\/2025\/12\/IMG_4892-scaled.jpg","contentUrl":"https:\/\/autopoint.hu\/wp-content\/uploads\/2025\/12\/IMG_4892-scaled.jpg","width":2560,"height":1920},{"@type":"BreadcrumbList","@id":"https:\/\/autopoint.hu\/de\/car\/mercedes-benz-g-63-amg-brabus-800-leather-mandarinestarlight#breadcrumb","itemListElement":[{"@type":"ListItem","position":1,"name":"Home","item":"https:\/\/autopoint.hu\/de"},{"@type":"ListItem","position":2,"name":"Cars","item":"https:\/\/autopoint.hu\/keszleten"},{"@type":"ListItem","position":3,"name":"MERCEDES-BENZ G 63 AMG Brabus 800 'Leather Mandarine'Starlight'"}]},{"@type":"WebSite","@id":"https:\/\/autopoint.hu\/#website","url":"https:\/\/autopoint.hu\/","name":"Autopoint Budapest","description":"","publisher":{"@id":"https:\/\/autopoint.hu\/#organization"},"alternateName":"Autopoint Budapest","potentialAction":[{"@type":"SearchAction","target":{"@type":"EntryPoint","urlTemplate":"https:\/\/autopoint.hu\/?s={search_term_string}"},"query-input":{"@type":"PropertyValueSpecification","valueRequired":true,"valueName":"search_term_string"}}],"inLanguage":"de"},{"@type":"Organization","@id":"https:\/\/autopoint.hu\/#organization","name":"Different Quality Kft.","url":"https:\/\/autopoint.hu\/","logo":{"@type":"ImageObject","inLanguage":"de","@id":"https:\/\/autopoint.hu\/#\/schema\/logo\/image\/","url":"https:\/\/autopoint.hu\/wp-content\/uploads\/2024\/05\/logo-white.svg","contentUrl":"https:\/\/autopoint.hu\/wp-content\/uploads\/2024\/05\/logo-white.svg","width":444,"height":59,"caption":"Different Quality Kft."},"image":{"@id":"https:\/\/autopoint.hu\/#\/schema\/logo\/image\/"},"sameAs":["https:\/\/www.facebook.com\/autopointbudapest","https:\/\/www.instagram.com\/autopoint_budapest\/","https:\/\/www.youtube.com\/@autopointbudapest"]}]}},"_links":{"self":[{"href":"https:\/\/autopoint.hu\/de\/wp-json\/wp\/v2\/car\/24507","targetHints":{"allow":["GET"]}}],"collection":[{"href":"https:\/\/autopoint.hu\/de\/wp-json\/wp\/v2\/car"}],"about":[{"href":"https:\/\/autopoint.hu\/de\/wp-json\/wp\/v2\/types\/car"}],"wp:featuredmedia":[{"embeddable":true,"href":"https:\/\/autopoint.hu\/de\/wp-json\/wp\/v2\/media\/24516"}],"wp:attachment":[{"href":"https:\/\/autopoint.hu\/de\/wp-json\/wp\/v2\/media?parent=24507"}],"wp:term":[{"taxonomy":"car-category","embeddable":true,"href":"https:\/\/autopoint.hu\/de\/wp-json\/wp\/v2\/car-category?post=24507"}],"curies":[{"name":"wp","href":"https:\/\/api.w.org\/{rel}","templated":true}]}}