{"id":27476,"date":"2026-02-06T14:00:49","date_gmt":"2026-02-06T13:00:49","guid":{"rendered":"https:\/\/autopoint.hu\/car\/mercedes-benz-g-63-brabus-800-leaher-orange-my2026"},"modified":"2026-02-25T13:29:04","modified_gmt":"2026-02-25T12:29:04","slug":"mercedes-benz-g-63-brabus-800-leaher-orange-my2026","status":"publish","type":"car","link":"https:\/\/autopoint.hu\/de\/car\/mercedes-benz-g-63-brabus-800-leaher-orange-my2026","title":{"rendered":"Mercedes-Benz G 63 BRABUS 800 Leaher Orange - My2026"},"content":{"rendered":"\n<p><strong>MB G 63 BRABUS 800 \u2013 MY2026<\/strong><br>inklusive originaler BRABUS Zertifikate<\/p>\n\n\n\n<p><strong>BRABUS Performance &amp; Individualisierung<\/strong><br>\u2022 BRABUS PowerXtra B40-800 Leistungssteigerung (BR465)<br>\u2022 BRABUS Widestar Widebody-Karosseriekit<br>\u2022 BRABUS ventilgesteuerte Sportabgasanlage, schwarz<br>\u2022 BRABUS Carbon LED-Dachaufsatz<br>\u2022 BRABUS Carbon Motorhaubenaufsatz<br>\u2022 BRABUS Carbon Heckklappenaufsatz<br>\u2022 BRABUS Heckspoiler in Hochglanz Schwarz<br>\u2022 BRABUS 24-Zoll Platinum K\u00fchlergrill in Hochglanz Schwarz<br>\u2022 BRABUS Doppel-B Frontgrill<br>\u2022 BRABUS beleuchtetes K\u00fchlergrill-Emblem<br>\u2022 BRABUS Einstiegsbeleuchtung<br>\u2022 BRABUS Aluminium-Pedalauflagen<br>\u2022 BRABUS T\u00fcrverriegelungsstifte<br>\u2022 BRABUS Fu\u00dfmatten<br>\u2022 BRABUS Kofferraummatte<br>\u2022 PDM Light System<br>\u2022 Bremsdesign in Orange-Schwarz<br>\u2022 Innenraumdetails schwarz lackiert<br>\u2022 Carbon-Luftausstr\u00f6mer<br>\u2022 Sitze und Innenraum in Nappa-Leder Tangerine<br>\u2022 Nappa-Leder Dachhimmel \u201eSternenhimmel\u201c mit LED-Beleuchtung und Shooting-Star-Effekt<\/p>\n\n\n\n<p><strong>Digitale Dienste &amp; Komfortausstattung<\/strong><br>\u2022 Remote Services Premium<br>\u2022 Komfort-Paket<br>\u2022 Garagentor\u00f6ffner (integriert)<br>\u2022 R\u00fccksitzlehnen geteilt umklappbar<br>\u2022 Getr\u00e4nkehalter mit K\u00fchl- und W\u00e4rmefunktion<br>\u2022 Induktive Ladeschale f\u00fcr Smartphone<br>\u2022 AMG Performance Lenkrad (Carbon \/ DINAMICA)<br>\u2022 Multimediasystem Connect 20 Premium<\/p>\n\n\n\n<p><strong>Exterieur &amp; AMG Pakete<\/strong><br>\u2022 AMG Night-Paket<br>\u2022 Unterfahrschutz Schwarz magno<br>\u2022 Reserverad-Abdeckung Schwarz magno<br>\u2022 Au\u00dfenspiegel schwarz lackiert<br>\u2022 Scheinwerfer mit abgedunkeltem Innengeh\u00e4use<br>\u2022 Trittbretter seitlich, schwarz<\/p>\n\n\n\n<p><strong>Fahrwerk, Antrieb &amp; Dynamik<\/strong><br>\u2022 AMG Active Ride Control Sportfahrwerk<br>\u2022 Adaptives D\u00e4mpfersystem<br>\u2022 AMG Hochleistungs-Bremssystem mit vergr\u00f6\u00dferten Bremsscheiben<br>\u2022 Permanenter Allradantrieb<br>\u2022 Differentialsperren<br>\u2022 Gel\u00e4ndeuntersetzung<br>\u2022 Offroad-Fahrprogramm (Offroad Track)<br>\u2022 Automatikgetriebe, 9-Gang<br>\u2022 AMG AGILITY SELECT \/ DYNAMIC SELECT<\/p>\n\n\n\n<p><strong>Hybrid &amp; Motorisierung<\/strong><br>\u2022 Mild-Hybrid-System mit 15 kW Elektromotor<br>\u2022 4,0 Liter V8 Biturbo Benzinmotor<br>\u2022 Systemleistung: 445 kW<br>\u2022 Abgasnorm Euro 6e<\/p>\n\n\n\n<p><strong>Interieur &amp; Premium-Komfort<\/strong><br>\u2022 Superior Interieur<br>\u2022 Multikontursitz-Paket Aktiv Plus<br>\u2022 Vordersitze elektrisch verstellbar mit Memory-Funktion<br>\u2022 Sitzheizung vorn und hinten<br>\u2022 Schiebe-\/Hebedach elektrisch (Glas)<br>\u2022 Burmester Surround Soundsystem<br>\u2022 Soundpersonalisierung<br>\u2022 MBUX Entertainment<br>\u2022 Ionisator zur Luftreinigung<br>\u2022 Ambientebeleuchtung inkl. beleuchteter L\u00fcftungsd\u00fcsen<br>\u2022 AMG Fu\u00dfmatten<\/p>\n\n\n\n<p><strong>Infotainment, Navigation &amp; Konnektivit\u00e4t<\/strong><br>\u2022 MBUX Multimediasystem<br>\u2022 MBUX Navigation Premium<br>\u2022 Augmented Reality Navigation<br>\u2022 Festplatten-Navigationssystem<br>\u2022 Smartphone-Integration (Apple CarPlay &amp; Android Auto)<br>\u2022 Kommunikationsmodul (LTE) Vorbereitung Mercedes me connect<br>\u2022 Mercedes-Benz Notrufsystem<br>\u2022 DAB-Digitalradio Vorbereitung<br>\u2022 USB-Anschl\u00fcsse im Fond<\/p>\n\n\n\n<p><strong>Assistenz- &amp; Sicherheitssysteme<\/strong><br>\u2022 Park-Paket mit 360\u00b0 Kamerasystem<br>\u2022 Aktiver Park-Assistent<br>\u2022 Offroad-Kamerasystem vorn (transparente Motorhaube)<br>\u2022 DISTRONIC PLUS Abstandsregeltempomat mit Stop&amp;Go-Funktion<br>\u2022 Aktiver Lenk-Assistent<br>\u2022 Aktiver Spurhalte-Assistent<br>\u2022 Totwinkel-Assistent<br>\u2022 Ausstiegswarnung<br>\u2022 Verkehrszeichenerkennung<br>\u2022 Live Traffic Information<br>\u2022 PRE-SAFE System<br>\u2022 PARKTRONIC (vorn und hinten)<\/p>\n\n\n\n<p><strong>Sonstige Ausstattung<\/strong><br>\u2022 Anh\u00e4ngerkupplung<br>\u2022 360\u00b0 Kamerasystem<br>\u2022 ISOFIX Kindersitzbefestigung im Fond<br>\u2022 Klimaautomatik THERMOTRONIC<br>\u2022 W\u00e4rmed\u00e4mmend get\u00f6nte Scheiben hinten<br>\u2022 Reserveradtr\u00e4ger am Heck<br>\u2022 Vorr\u00fcstung Dachtr\u00e4gersystem<\/p>\n","protected":false},"featured_media":27482,"template":"","car-category":[5],"class_list":["post-27476","car","type-car","status-publish","has-post-thumbnail","hentry","car-category-mercedes-benz"],"acf":[],"yoast_head":"<!-- This site is optimized with the Yoast SEO Premium plugin v27.4 (Yoast SEO v27.4) - https:\/\/yoast.com\/product\/yoast-seo-premium-wordpress\/ -->\n<title>Mercedes-Benz G 63 BRABUS 800 Leaher Orange - My2026 - Autopoint Budapest<\/title>\n<meta name=\"description\" content=\"Mercedes-Benz G 63 BRABUS 800 Leaher Orange - My2026\" \/>\n<meta name=\"robots\" content=\"index, follow, max-snippet:-1, max-image-preview:large, max-video-preview:-1\" \/>\n<link rel=\"canonical\" href=\"https:\/\/autopoint.hu\/de\/car\/mercedes-benz-g-63-brabus-800-leaher-orange-my2026\" \/>\n<meta property=\"og:locale\" content=\"de_DE\" \/>\n<meta property=\"og:type\" content=\"article\" \/>\n<meta property=\"og:title\" content=\"Mercedes-Benz G 63 BRABUS 800 Leaher Orange - My2026\" \/>\n<meta property=\"og:description\" content=\"Mercedes-Benz G 63 BRABUS 800 Leaher Orange - My2026\" \/>\n<meta property=\"og:url\" content=\"https:\/\/autopoint.hu\/de\/car\/mercedes-benz-g-63-brabus-800-leaher-orange-my2026\" \/>\n<meta property=\"og:site_name\" content=\"Autopoint Budapest\" \/>\n<meta property=\"article:publisher\" content=\"https:\/\/www.facebook.com\/autopointbudapest\" \/>\n<meta property=\"article:modified_time\" content=\"2026-02-25T12:29:04+00:00\" \/>\n<meta property=\"og:image\" content=\"https:\/\/autopoint.hu\/wp-content\/uploads\/2026\/02\/IMG_4570-1-scaled.jpg\" \/>\n\t<meta property=\"og:image:width\" content=\"2560\" \/>\n\t<meta property=\"og:image:height\" content=\"1920\" \/>\n\t<meta property=\"og:image:type\" content=\"image\/jpeg\" \/>\n<meta name=\"twitter:card\" content=\"summary_large_image\" \/>\n<meta name=\"twitter:label1\" content=\"Gesch\u00e4tzte Lesezeit\" \/>\n\t<meta name=\"twitter:data1\" content=\"3\u00a0Minuten\" \/>\n<script type=\"application\/ld+json\" class=\"yoast-schema-graph\">{\"@context\":\"https:\\\/\\\/schema.org\",\"@graph\":[{\"@type\":\"WebPage\",\"@id\":\"https:\\\/\\\/autopoint.hu\\\/de\\\/car\\\/mercedes-benz-g-63-brabus-800-leaher-orange-my2026\",\"url\":\"https:\\\/\\\/autopoint.hu\\\/de\\\/car\\\/mercedes-benz-g-63-brabus-800-leaher-orange-my2026\",\"name\":\"Mercedes-Benz G 63 BRABUS 800 Leaher Orange - My2026 - Autopoint Budapest\",\"isPartOf\":{\"@id\":\"https:\\\/\\\/autopoint.hu\\\/#website\"},\"primaryImageOfPage\":{\"@id\":\"https:\\\/\\\/autopoint.hu\\\/de\\\/car\\\/mercedes-benz-g-63-brabus-800-leaher-orange-my2026#primaryimage\"},\"image\":{\"@id\":\"https:\\\/\\\/autopoint.hu\\\/de\\\/car\\\/mercedes-benz-g-63-brabus-800-leaher-orange-my2026#primaryimage\"},\"thumbnailUrl\":\"https:\\\/\\\/autopoint.hu\\\/wp-content\\\/uploads\\\/2026\\\/02\\\/IMG_4570-1-scaled.jpg\",\"datePublished\":\"2026-02-06T13:00:49+00:00\",\"dateModified\":\"2026-02-25T12:29:04+00:00\",\"description\":\"Mercedes-Benz G 63 BRABUS 800 Leaher Orange - My2026\",\"breadcrumb\":{\"@id\":\"https:\\\/\\\/autopoint.hu\\\/de\\\/car\\\/mercedes-benz-g-63-brabus-800-leaher-orange-my2026#breadcrumb\"},\"inLanguage\":\"de\",\"potentialAction\":[{\"@type\":\"ReadAction\",\"target\":[\"https:\\\/\\\/autopoint.hu\\\/de\\\/car\\\/mercedes-benz-g-63-brabus-800-leaher-orange-my2026\"]}]},{\"@type\":\"ImageObject\",\"inLanguage\":\"de\",\"@id\":\"https:\\\/\\\/autopoint.hu\\\/de\\\/car\\\/mercedes-benz-g-63-brabus-800-leaher-orange-my2026#primaryimage\",\"url\":\"https:\\\/\\\/autopoint.hu\\\/wp-content\\\/uploads\\\/2026\\\/02\\\/IMG_4570-1-scaled.jpg\",\"contentUrl\":\"https:\\\/\\\/autopoint.hu\\\/wp-content\\\/uploads\\\/2026\\\/02\\\/IMG_4570-1-scaled.jpg\",\"width\":2560,\"height\":1920},{\"@type\":\"BreadcrumbList\",\"@id\":\"https:\\\/\\\/autopoint.hu\\\/de\\\/car\\\/mercedes-benz-g-63-brabus-800-leaher-orange-my2026#breadcrumb\",\"itemListElement\":[{\"@type\":\"ListItem\",\"position\":1,\"name\":\"Home\",\"item\":\"https:\\\/\\\/autopoint.hu\\\/de\"},{\"@type\":\"ListItem\",\"position\":2,\"name\":\"Cars\",\"item\":\"https:\\\/\\\/autopoint.hu\\\/keszleten\"},{\"@type\":\"ListItem\",\"position\":3,\"name\":\"Mercedes-Benz G 63 BRABUS 800 Leaher Orange - My2026\"}]},{\"@type\":\"WebSite\",\"@id\":\"https:\\\/\\\/autopoint.hu\\\/#website\",\"url\":\"https:\\\/\\\/autopoint.hu\\\/\",\"name\":\"Autopoint Budapest\",\"description\":\"\",\"publisher\":{\"@id\":\"https:\\\/\\\/autopoint.hu\\\/#organization\"},\"alternateName\":\"Autopoint Budapest\",\"potentialAction\":[{\"@type\":\"SearchAction\",\"target\":{\"@type\":\"EntryPoint\",\"urlTemplate\":\"https:\\\/\\\/autopoint.hu\\\/?s={search_term_string}\"},\"query-input\":{\"@type\":\"PropertyValueSpecification\",\"valueRequired\":true,\"valueName\":\"search_term_string\"}}],\"inLanguage\":\"de\"},{\"@type\":\"Organization\",\"@id\":\"https:\\\/\\\/autopoint.hu\\\/#organization\",\"name\":\"Different Quality Kft.\",\"url\":\"https:\\\/\\\/autopoint.hu\\\/\",\"logo\":{\"@type\":\"ImageObject\",\"inLanguage\":\"de\",\"@id\":\"https:\\\/\\\/autopoint.hu\\\/#\\\/schema\\\/logo\\\/image\\\/\",\"url\":\"https:\\\/\\\/autopoint.hu\\\/wp-content\\\/uploads\\\/2024\\\/05\\\/logo-white.svg\",\"contentUrl\":\"https:\\\/\\\/autopoint.hu\\\/wp-content\\\/uploads\\\/2024\\\/05\\\/logo-white.svg\",\"width\":444,\"height\":59,\"caption\":\"Different Quality Kft.\"},\"image\":{\"@id\":\"https:\\\/\\\/autopoint.hu\\\/#\\\/schema\\\/logo\\\/image\\\/\"},\"sameAs\":[\"https:\\\/\\\/www.facebook.com\\\/autopointbudapest\",\"https:\\\/\\\/www.instagram.com\\\/autopoint_budapest\\\/\",\"https:\\\/\\\/www.youtube.com\\\/@autopointbudapest\"]}]}<\/script>\n<!-- \/ Yoast SEO Premium plugin. -->","yoast_head_json":{"title":"Mercedes-Benz G 63 BRABUS 800 Leaher Orange - My2026 - Autopoint Budapest","description":"Mercedes-Benz G 63 BRABUS 800 Leaher Orange - My2026","robots":{"index":"index","follow":"follow","max-snippet":"max-snippet:-1","max-image-preview":"max-image-preview:large","max-video-preview":"max-video-preview:-1"},"canonical":"https:\/\/autopoint.hu\/de\/car\/mercedes-benz-g-63-brabus-800-leaher-orange-my2026","og_locale":"de_DE","og_type":"article","og_title":"Mercedes-Benz G 63 BRABUS 800 Leaher Orange - My2026","og_description":"Mercedes-Benz G 63 BRABUS 800 Leaher Orange - My2026","og_url":"https:\/\/autopoint.hu\/de\/car\/mercedes-benz-g-63-brabus-800-leaher-orange-my2026","og_site_name":"Autopoint Budapest","article_publisher":"https:\/\/www.facebook.com\/autopointbudapest","article_modified_time":"2026-02-25T12:29:04+00:00","og_image":[{"width":2560,"height":1920,"url":"https:\/\/autopoint.hu\/wp-content\/uploads\/2026\/02\/IMG_4570-1-scaled.jpg","type":"image\/jpeg"}],"twitter_card":"summary_large_image","twitter_misc":{"Gesch\u00e4tzte Lesezeit":"3\u00a0Minuten"},"schema":{"@context":"https:\/\/schema.org","@graph":[{"@type":"WebPage","@id":"https:\/\/autopoint.hu\/de\/car\/mercedes-benz-g-63-brabus-800-leaher-orange-my2026","url":"https:\/\/autopoint.hu\/de\/car\/mercedes-benz-g-63-brabus-800-leaher-orange-my2026","name":"Mercedes-Benz G 63 BRABUS 800 Leaher Orange - My2026 - Autopoint Budapest","isPartOf":{"@id":"https:\/\/autopoint.hu\/#website"},"primaryImageOfPage":{"@id":"https:\/\/autopoint.hu\/de\/car\/mercedes-benz-g-63-brabus-800-leaher-orange-my2026#primaryimage"},"image":{"@id":"https:\/\/autopoint.hu\/de\/car\/mercedes-benz-g-63-brabus-800-leaher-orange-my2026#primaryimage"},"thumbnailUrl":"https:\/\/autopoint.hu\/wp-content\/uploads\/2026\/02\/IMG_4570-1-scaled.jpg","datePublished":"2026-02-06T13:00:49+00:00","dateModified":"2026-02-25T12:29:04+00:00","description":"Mercedes-Benz G 63 BRABUS 800 Leaher Orange - My2026","breadcrumb":{"@id":"https:\/\/autopoint.hu\/de\/car\/mercedes-benz-g-63-brabus-800-leaher-orange-my2026#breadcrumb"},"inLanguage":"de","potentialAction":[{"@type":"ReadAction","target":["https:\/\/autopoint.hu\/de\/car\/mercedes-benz-g-63-brabus-800-leaher-orange-my2026"]}]},{"@type":"ImageObject","inLanguage":"de","@id":"https:\/\/autopoint.hu\/de\/car\/mercedes-benz-g-63-brabus-800-leaher-orange-my2026#primaryimage","url":"https:\/\/autopoint.hu\/wp-content\/uploads\/2026\/02\/IMG_4570-1-scaled.jpg","contentUrl":"https:\/\/autopoint.hu\/wp-content\/uploads\/2026\/02\/IMG_4570-1-scaled.jpg","width":2560,"height":1920},{"@type":"BreadcrumbList","@id":"https:\/\/autopoint.hu\/de\/car\/mercedes-benz-g-63-brabus-800-leaher-orange-my2026#breadcrumb","itemListElement":[{"@type":"ListItem","position":1,"name":"Home","item":"https:\/\/autopoint.hu\/de"},{"@type":"ListItem","position":2,"name":"Cars","item":"https:\/\/autopoint.hu\/keszleten"},{"@type":"ListItem","position":3,"name":"Mercedes-Benz G 63 BRABUS 800 Leaher Orange - My2026"}]},{"@type":"WebSite","@id":"https:\/\/autopoint.hu\/#website","url":"https:\/\/autopoint.hu\/","name":"Autopoint Budapest","description":"","publisher":{"@id":"https:\/\/autopoint.hu\/#organization"},"alternateName":"Autopoint Budapest","potentialAction":[{"@type":"SearchAction","target":{"@type":"EntryPoint","urlTemplate":"https:\/\/autopoint.hu\/?s={search_term_string}"},"query-input":{"@type":"PropertyValueSpecification","valueRequired":true,"valueName":"search_term_string"}}],"inLanguage":"de"},{"@type":"Organization","@id":"https:\/\/autopoint.hu\/#organization","name":"Different Quality Kft.","url":"https:\/\/autopoint.hu\/","logo":{"@type":"ImageObject","inLanguage":"de","@id":"https:\/\/autopoint.hu\/#\/schema\/logo\/image\/","url":"https:\/\/autopoint.hu\/wp-content\/uploads\/2024\/05\/logo-white.svg","contentUrl":"https:\/\/autopoint.hu\/wp-content\/uploads\/2024\/05\/logo-white.svg","width":444,"height":59,"caption":"Different Quality Kft."},"image":{"@id":"https:\/\/autopoint.hu\/#\/schema\/logo\/image\/"},"sameAs":["https:\/\/www.facebook.com\/autopointbudapest","https:\/\/www.instagram.com\/autopoint_budapest\/","https:\/\/www.youtube.com\/@autopointbudapest"]}]}},"_links":{"self":[{"href":"https:\/\/autopoint.hu\/de\/wp-json\/wp\/v2\/car\/27476","targetHints":{"allow":["GET"]}}],"collection":[{"href":"https:\/\/autopoint.hu\/de\/wp-json\/wp\/v2\/car"}],"about":[{"href":"https:\/\/autopoint.hu\/de\/wp-json\/wp\/v2\/types\/car"}],"wp:featuredmedia":[{"embeddable":true,"href":"https:\/\/autopoint.hu\/de\/wp-json\/wp\/v2\/media\/27482"}],"wp:attachment":[{"href":"https:\/\/autopoint.hu\/de\/wp-json\/wp\/v2\/media?parent=27476"}],"wp:term":[{"taxonomy":"car-category","embeddable":true,"href":"https:\/\/autopoint.hu\/de\/wp-json\/wp\/v2\/car-category?post=27476"}],"curies":[{"name":"wp","href":"https:\/\/api.w.org\/{rel}","templated":true}]}}